{"id":3,"date":"2020-09-06T20:33:16","date_gmt":"2020-09-06T18:33:16","guid":{"rendered":"http:\/\/recovit.fr\/?page_id=3"},"modified":"2022-09-16T16:58:50","modified_gmt":"2022-09-16T14:58:50","slug":"politique-de-confidentialite","status":"publish","type":"page","link":"https:\/\/recovit.fr\/index.php\/politique-de-confidentialite\/","title":{"rendered":"Politique de confidentialit\u00e9"},"content":{"rendered":"<p>[et_pb_section fb_built=\u00a0\u00bb1&Prime; _builder_version=\u00a0\u00bb3.22&Prime;][et_pb_row _builder_version=\u00a0\u00bb3.25&Prime; background_size=\u00a0\u00bbinitial\u00a0\u00bb background_position=\u00a0\u00bbtop_left\u00a0\u00bb background_repeat=\u00a0\u00bbrepeat\u00a0\u00bb][et_pb_column type=\u00a0\u00bb4_4&Prime; _builder_version=\u00a0\u00bb3.25&Prime; custom_padding=\u00a0\u00bb|||\u00a0\u00bb custom_padding__hover=\u00a0\u00bb|||\u00a0\u00bb][et_pb_text _builder_version=\u00a0\u00bb3.27.4&Prime; background_size=\u00a0\u00bbinitial\u00a0\u00bb background_position=\u00a0\u00bbtop_left\u00a0\u00bb background_repeat=\u00a0\u00bbrepeat\u00a0\u00bb]<!-- divi:heading --><\/p>\n<h2>Qui sommes-nous\u00a0?<\/h2>\n<p><!-- \/divi:heading --><!-- divi:paragraph --><\/p>\n<p>L\u2019adresse de notre site Web est\u00a0: https:\/\/recovit.fr.<\/p>\n<p><!-- \/divi:paragraph --><!-- divi:heading --><\/p>\n<h2>Utilisation des donn\u00e9es personnelles collect\u00e9es<\/h2>\n<p><!-- \/divi:heading --><!-- divi:heading {\"level\":3} --><\/p>\n<h3>Commentaires<\/h3>\n<p><!-- \/divi:heading --><!-- divi:paragraph --><\/p>\n<p>En laissant un commentaire sur notre site web, les donn\u00e9es inscrites dans le formulaire de commentaire, votre adresse IP et aussi l\u2019agent utilisateur de votre navigateur sont collect\u00e9s pour nous aider \u00e0 la d\u00e9tection des commentaires ind\u00e9sirables.<\/p>\n<p><!-- \/divi:paragraph --><!-- divi:heading {\"level\":3} --><\/p>\n<h3>M\u00e9dias<\/h3>\n<p><!-- \/divi:heading --><!-- divi:paragraph --><\/p>\n<p>Si vous \u00eates un utilisateur ou une utilisatrice enregistr\u00e9\u00b7e et que vous t\u00e9l\u00e9versez des images sur le site web, nous vous conseillons d\u2019\u00e9viter de t\u00e9l\u00e9verser des images contenant des donn\u00e9es EXIF de coordonn\u00e9es GPS. Les visiteurs de votre site web peuvent t\u00e9l\u00e9charger et extraire des donn\u00e9es de localisation depuis ces images.<\/p>\n<p><!-- \/divi:paragraph --><!-- divi:heading {\"level\":3} --><\/p>\n<h3>Formulaires de contact<\/h3>\n<p><!-- \/divi:heading --><!-- divi:heading {\"level\":3} --><\/p>\n<h3>Cookies<\/h3>\n<p><!-- \/divi:heading --><!-- divi:paragraph --><\/p>\n<p>En d\u00e9posant un commentaire sur notre site, il vous sera propos\u00e9 d\u2019enregistrer votre nom, adresse de messagerie et site web dans des cookies. C\u2019est uniquement pour votre confort afin de ne pas avoir \u00e0 saisir ces informations si vous d\u00e9posez un autre commentaire plus tard. Ces cookies expirent au bout d\u2019un an.<\/p>\n<p><!-- \/divi:paragraph --><!-- divi:paragraph --><\/p>\n<p>Si vous avez un compte et que vous vous connectez sur ce site, un cookie temporaire sera cr\u00e9\u00e9 afin de d\u00e9terminer si votre navigateur accepte les cookies. Il ne contient pas de donn\u00e9es personnelles et sera supprim\u00e9 automatiquement \u00e0 la fermeture de votre navigateur.<\/p>\n<p><!-- \/divi:paragraph --><!-- divi:paragraph --><\/p>\n<p>Lorsque vous vous connecterez, nous mettrons en place un certain nombre de cookies pour enregistrer vos informations de connexion et vos pr\u00e9f\u00e9rences d\u2019\u00e9cran. La dur\u00e9e de vie d\u2019un cookie de connexion est de deux jours, celle d\u2019un cookie d\u2019option d\u2019\u00e9cran est d\u2019un an. Si vous cochez \u00ab\u00a0Se souvenir de moi\u00a0\u00bb, votre cookie de connexion sera conserv\u00e9 pendant deux semaines. Si vous vous d\u00e9connectez de votre compte, le cookie de connexion sera effac\u00e9.<\/p>\n<p><!-- \/divi:paragraph --><!-- divi:paragraph --><\/p>\n<p>En modifiant ou en publiant une publication, un cookie suppl\u00e9mentaire sera enregistr\u00e9 dans votre navigateur. Ce cookie ne comprend aucune donn\u00e9e personnelle. Il indique simplement l\u2019ID de la publication que vous venez de modifier. Il expire au bout d\u2019un jour.<\/p>\n<p><!-- \/divi:paragraph --><!-- divi:heading {\"level\":3} --><\/p>\n<h3>Contenu embarqu\u00e9 depuis d\u2019autres sites<\/h3>\n<p><!-- \/divi:heading --><!-- divi:paragraph --><\/p>\n<p>Les articles de ce site peuvent inclure des contenus int\u00e9gr\u00e9s (par exemple des vid\u00e9os, images, articles\u2026). Le contenu int\u00e9gr\u00e9 depuis d\u2019autres sites se comporte de la m\u00eame mani\u00e8re que si le visiteur se rendait sur cet autre site.<\/p>\n<p><!-- \/divi:paragraph --><!-- divi:paragraph --><\/p>\n<p>Ces sites web pourraient collecter des donn\u00e9es sur vous, utiliser des cookies, embarquer des outils de suivis tiers, suivre vos interactions avec ces contenus embarqu\u00e9s si vous disposez d\u2019un compte connect\u00e9 sur leur site web.<\/p>\n<p><!-- \/divi:paragraph --><!-- divi:heading {\"level\":3} --><\/p>\n<h3>Statistiques et mesures d\u2019audience<\/h3>\n<p><!-- \/divi:heading --><!-- divi:heading --><\/p>\n<h2>Utilisation et transmission de vos donn\u00e9es personnelles<\/h2>\n<p><!-- \/divi:heading --><!-- divi:heading --><\/p>\n<h2>Dur\u00e9es de stockage de vos donn\u00e9es<\/h2>\n<p><!-- \/divi:heading --><!-- divi:paragraph --><\/p>\n<p>Si vous laissez un commentaire, votre commentaire et ses m\u00e9tadonn\u00e9es sont conserv\u00e9s ind\u00e9finiment. Cela permet de reconna\u00eetre et approuver automatiquement les commentaires suivants au lieu de les laisser dans la file de mod\u00e9ration.<\/p>\n<p><!-- \/divi:paragraph --><!-- divi:paragraph --><\/p>\n<p>Pour les utilisateurs et utilisatrices qui s\u2019enregistrent sur notre site (si cela est possible), nous stockons \u00e9galement les donn\u00e9es personnelles indiqu\u00e9es dans leur profil. Tous les utilisateurs et utilisatrices peuvent voir, modifier ou supprimer leurs informations personnelles \u00e0 tout moment (\u00e0 l\u2019exception de leur nom d\u2019utilisateur\u00b7ice). Les gestionnaires du site peuvent aussi voir et modifier ces informations.<\/p>\n<p><!-- \/divi:paragraph --><!-- divi:heading --><\/p>\n<h2>Les droits que vous avez sur vos donn\u00e9es<\/h2>\n<p><!-- \/divi:heading --><!-- divi:paragraph --><\/p>\n<p>Si vous avez un compte ou si vous avez laiss\u00e9 des commentaires sur le site, vous pouvez demander \u00e0 recevoir un fichier contenant toutes les donn\u00e9es personnelles que nous poss\u00e9dons \u00e0 votre sujet, incluant celles que vous nous avez fournies. Vous pouvez \u00e9galement demander la suppression des donn\u00e9es personnelles vous concernant. Cela ne prend pas en compte les donn\u00e9es stock\u00e9es \u00e0 des fins administratives, l\u00e9gales ou pour des raisons de s\u00e9curit\u00e9.<\/p>\n<p><!-- \/divi:paragraph --><!-- divi:heading --><\/p>\n<h2>Transmission de vos donn\u00e9es personnelles<\/h2>\n<p><!-- \/divi:heading --><!-- divi:paragraph --><\/p>\n<p>Vos commentaires peuvent \u00eatre v\u00e9rifi\u00e9s \u00e0 l\u2019aide d\u2019un service automatis\u00e9 de d\u00e9tection des commentaires ind\u00e9sirables.<\/p>\n<p><!-- \/divi:paragraph --><!-- divi:heading {\"level\":3} --><\/p>\n<h3>Conditions g\u00e9n\u00e9rales de ventes<\/h3>\n<p><!-- \/divi:heading --><!-- divi:paragraph --><\/p>\n<p>1. Objet<\/p>\n<p><!-- \/divi:paragraph --><!-- divi:paragraph --><\/p>\n<p>Les pr\u00e9sentes conditions g\u00e9n\u00e9rales de service d\u00e9finissent les modalit\u00e9s d\u2019utilisation par le Client des diff\u00e9rents services de gestion et recouvrement de cr\u00e9ances propos\u00e9s par Recovit.<\/p>\n<p><!-- \/divi:paragraph --><!-- divi:paragraph --><\/p>\n<p>2. Dur\u00e9e<\/p>\n<p><!-- \/divi:paragraph --><!-- divi:paragraph --><\/p>\n<p>La pr\u00e9sente convention est conclue pour une dur\u00e9e ind\u00e9termin\u00e9e, chaque partie reste libre.<\/p>\n<p><!-- \/divi:paragraph --><!-- divi:paragraph --><\/p>\n<p>Recovit s\u2019engage \u00e0 apporter tous ses soins de bon professionnel \u00e0 cette gestion.<\/p>\n<p><!-- \/divi:paragraph --><!-- divi:paragraph --><\/p>\n<p>Dans l\u2019hypoth\u00e8se o\u00f9 le Client exigerait la restitution des dossiers en cours en raison de la d\u00e9nonciation du mandat, celle-ci serait subordonn\u00e9e au paiement pr\u00e9alable \u00e0 Recovit de toutes les commissions et de tous les remboursements de frais pouvant lui rester dus.<\/p>\n<p><!-- \/divi:paragraph --><!-- divi:paragraph --><\/p>\n<p>3. Prestations de Recovit<\/p>\n<p><!-- \/divi:paragraph --><!-- divi:paragraph --><\/p>\n<p>Pendant la dur\u00e9e de validit\u00e9 du Contrat, le client charge Recovit de recouvrer et d\u2019encaisser pour son compte les cr\u00e9ances certaines, liquides et exigibles en phase amiable. Le Client accepte la grille tarifaire en vigueur figurant au Contrat. Le Client donne procuration sans r\u00e9serve \u00e0 Recovit et \u00e0 ses mandataires pour encaisser toutes valeurs qui lui seront remises, pour n\u00e9gocier au mieux avec les d\u00e9biteurs et suivre les plans de r\u00e8glements.<\/p>\n<p><!-- \/divi:paragraph --><!-- divi:paragraph --><\/p>\n<p>4. Constitution et Gestion des dossiers<\/p>\n<p><!-- \/divi:paragraph --><!-- divi:paragraph --><\/p>\n<p>4.1 Transmission des cr\u00e9ances\u00a0:<\/p>\n<p><!-- \/divi:paragraph --><!-- divi:paragraph --><\/p>\n<p>Le client s\u2019engage \u00e0 ne transmettre \u00e0 RECOVIT que des dossiers portant sur des cr\u00e9ances qui\u00a0:<\/p>\n<p><!-- \/divi:paragraph --><!-- divi:paragraph --><\/p>\n<p>\u2013 n\u2019ont pas fait l\u2019objet de pratiques commerciales interdites par la r\u00e9glementation applicable, notamment des pratiques commerciales agressives, sont certaines, liquides et exigibles<\/p>\n<p><!-- \/divi:paragraph --><!-- divi:paragraph --><\/p>\n<p>4.2 Traitement du dossier\u00a0:<\/p>\n<p><!-- \/divi:paragraph --><!-- divi:paragraph --><\/p>\n<p>D\u00e8s l\u2019envoi du dossier \u00e0 Recovit, le Client s\u2019interdit toute ing\u00e9rence dans le d\u00e9roulement de l\u2019affaire et notamment de prendre directement avec le d\u00e9biteur des accords pour le r\u00e8glement ou d\u2019entreprendre une action parall\u00e8le, n\u00e9anmoins le d\u00e9biteur est autoris\u00e9 \u00e0 payer sa facture directement entre les mains du client<\/p>\n<p><!-- \/divi:paragraph --><!-- divi:paragraph --><\/p>\n<p>5. Acquisition des honoraires\u00a0:<\/p>\n<p><!-- \/divi:paragraph --><!-- divi:paragraph --><\/p>\n<p>Les honoraires de Recovit sont acquises \u00e0 compter de la date port\u00e9e sur l\u2019accus\u00e9 d\u2019enregistrement du dossier soit j+1<\/p>\n<p><!-- \/divi:paragraph --><!-- divi:paragraph --><\/p>\n<p>Les honoraires indiqu\u00e9s sur le mandat sont fixes. En cons\u00e9quence, ils sont acquis \u00e0 Recovit en fonction des r\u00e9sultats et quels que soient le type, le nombre ou la dur\u00e9e des interventions de RECOVIT.<\/p>\n<p><!-- \/divi:paragraph --><!-- divi:paragraph --><\/p>\n<p>Toutes les sommes encaiss\u00e9es par le Client (encaissement direct) ou directement \u00e0 Recovit (encaissement indirect) fera l\u2019objet d\u2019une facturation<\/p>\n<p><!-- \/divi:paragraph --><!-- divi:paragraph --><\/p>\n<p>Le client s\u2019engage \u00e0 pr\u00e9venir tout r\u00e8glement intervenu entre ses mains, par l\u2019interface de gestion mis \u00e0 sa disposition sur le site www.recovit.fr, soit par mail.<\/p>\n<p><!-- \/divi:paragraph --><!-- divi:paragraph --><\/p>\n<p>6. Retard de paiement<\/p>\n<p><!-- \/divi:paragraph --><!-- divi:paragraph --><\/p>\n<p>Le non-paiement \u00e0 l\u2019\u00e9ch\u00e9ance entra\u00eene une majoration de 3 fois le taux d\u2019int\u00e9r\u00eat de retard l\u00e9gal. Ce taux sera applicable au 1<sup>er<\/sup> jour suivant l\u2019\u00e9ch\u00e9ance.<\/p>\n<p><!-- \/divi:paragraph --><!-- divi:paragraph --><\/p>\n<p>Le r\u00e8glement des sommes dues post\u00e9rieurement \u00e0 la date d\u2019\u00e9ligibilit\u00e9 figurant sur la facture majorera de plein droit le montant de celle-ci de l\u2019indemnit\u00e9 forfaitaire de 40\u20ac pr\u00e9vue L441-6 alin\u00e9a 12 du code du commerce.<\/p>\n<p><!-- \/divi:paragraph --><!-- divi:paragraph --><\/p>\n<p>En cas de modification r\u00e9glementaire du montant de cette indemnit\u00e9 forfaitaire, le nouveau montant sera de plein droit substitu\u00e9 \u00e0 celui figurant dans les pr\u00e9sentes conditions g\u00e9n\u00e9rales de vente ou conditions de r\u00e8glement.<\/p>\n<p><!-- \/divi:paragraph --><!-- divi:paragraph --><\/p>\n<p>7. R\u00e9clamations<\/p>\n<p><!-- \/divi:paragraph --><!-- divi:paragraph --><\/p>\n<p>Toute r\u00e9clamation concernant la gestion ou le classement d\u2019un dossier devra \u00eatre formul\u00e9e dans un d\u00e9lai de 3 mois apr\u00e8s le r\u00e8glement ou l\u2019avis de cl\u00f4ture adress\u00e9 au Client. Pass\u00e9 ce d\u00e9lai, la responsabilit\u00e9 de Recovit ne pourra \u00eatre recherch\u00e9e concernant les pi\u00e8ces des dossiers cl\u00f4tur\u00e9s.<\/p>\n<p><!-- \/divi:paragraph --><!-- divi:paragraph --><\/p>\n<p>8. Assurance<\/p>\n<p><!-- \/divi:paragraph --><!-- divi:paragraph --><\/p>\n<p>Recovit d\u00e9clare avoir souscrit une assurance garantissant sa Responsabilit\u00e9 Civile Professionnelle aupr\u00e8s du AXA \u00e0 Machecoul (44270)<\/p>\n<p><!-- \/divi:paragraph --><!-- divi:paragraph --><\/p>\n<p>9. Confidentialit\u00e9<\/p>\n<p><!-- \/divi:paragraph --><!-- divi:paragraph --><\/p>\n<p>A l\u2019exception de celles tomb\u00e9es dans le domaine public ou connues par ailleurs de l\u2019autre partie, Recovit et le Client s\u2019engagent \u00e0 conserver confidentielles les informations concernant l\u2019autre partie, de quelque nature qu\u2019elles soient, auxquelles ils auraient pu avoir acc\u00e8s au cours de l\u2019ex\u00e9cution de la prestation command\u00e9e pendant une dur\u00e9e de cinq ans suivant la r\u00e9ception de l\u2019information.<\/p>\n<p><!-- \/divi:paragraph --><!-- divi:paragraph --><\/p>\n<p>Les parties prendront vis-\u00e0-vis de leur personnel et partenaires toutes les r\u00e9serves n\u00e9cessaires pour observer l\u2019effectivit\u00e9 de l\u2019obligation mentionn\u00e9e ci-dessus en se portant fort du respect de cette obligation de confidentialit\u00e9 par ces-derniers.<\/p>\n<p><!-- \/divi:paragraph --><!-- divi:paragraph --><\/p>\n<p>10. Propri\u00e9t\u00e9 intellectuelle \u2013 r\u00e9f\u00e9rence commerciale<\/p>\n<p><!-- \/divi:paragraph --><!-- divi:paragraph --><\/p>\n<p>Les courriers et documents de REACTIA RECOUVREMENT ne peuvent \u00eatre reproduits par quelque moyen que ce soit, sous peine de poursuites p\u00e9nales.<\/p>\n<p><!-- \/divi:paragraph --><!-- divi:paragraph --><\/p>\n<p>11. Contrat sur la protection des donn\u00e9es \u00e0 caract\u00e8re personnel RGPD<\/p>\n<p><!-- \/divi:paragraph --><!-- divi:paragraph --><\/p>\n<p>En application de la loi n\u00b02018-493 du 20\/06\/2018 et du r\u00e8glement (UE) 2016\/679 et \u00e0 la Directive (UE) 2016\/680 du parlement Europ\u00e9en et du conseil du 27\/avril 2016 \u00ab\u00a0RGPD\u00a0\u00bb<\/p>\n<p><!-- \/divi:paragraph --><!-- divi:paragraph --><\/p>\n<p>Mise \u00e0 jour le 15\/01\/2020<\/p>\n<p><!-- \/divi:paragraph --><!-- divi:paragraph --><\/p>\n<p>ENTRE,<\/p>\n<p><!-- \/divi:paragraph --><!-- divi:paragraph --><\/p>\n<p>Recovit, situ\u00e9 \u00e0 Saint Philbert de grand lieu (44) et repr\u00e9sent\u00e9 par Monsieur, LEHUEDE Wilfried<\/p>\n<p><!-- \/divi:paragraph --><!-- divi:paragraph --><\/p>\n<p>La soci\u00e9t\u00e9 REACTIA RECOUVREMENT, Soci\u00e9t\u00e9 par actions simplifi\u00e9e unipersonnelle, immatricul\u00e9 au registre du commerce de Nantes sous le n\u00b0 808\u00a0240\u00a0139 dont le si\u00e8ge social est situ\u00e9 19, rue de la Guillauderie, 44310 Saint Philbert de grand lieu<\/p>\n<p><!-- \/divi:paragraph --><!-- divi:paragraph --><\/p>\n<p>Repr\u00e9sent\u00e9e aux fins des pr\u00e9sentes par Monsieur Lehuede Wilfried en qualit\u00e9 de Pr\u00e9sident et agissant dans le cadre du pr\u00e9sent contrat en qualit\u00e9 de sous-traitant, ci-apr\u00e8s d\u00e9nomm\u00e9 \u00ab\u00a0Le Prestataire\u00a0\u00bb<\/p>\n<p><!-- \/divi:paragraph --><!-- divi:paragraph --><\/p>\n<p>ET,<\/p>\n<p><!-- \/divi:paragraph --><!-- divi:paragraph --><\/p>\n<p>Le Client, Soci\u00e9t\u00e9 \u2014\u2014\u2014\u2014\u2014\u2014\u2014\u2014\u2014\u2014\u2014\u2014\u2014\u2014\u2014\u2014\u2014\u2014\u2014\u2014\u2014\u2014\u2014\u2014\u2014\u2014\u2014\u2013<\/p>\n<p><!-- \/divi:paragraph --><!-- divi:paragraph --><\/p>\n<p>Au capital de \u2014\u2014\u2014\u2014\u2014\u2014\u2014\u2014\u2014\u2014\u2014\u2014\u2014\u2014\u2014\u2014\u2014\u2014\u2014\u2014\u2014\u2014\u2014\u2014\u2014\u2014\u2014\u2014\u2014\u2013<\/p>\n<p><!-- \/divi:paragraph --><!-- divi:paragraph --><\/p>\n<p>Dont le si\u00e8ge social est \u2014\u2014\u2014\u2014\u2014\u2014\u2014\u2014\u2014\u2014\u2014\u2014\u2014\u2014\u2014\u2014\u2014\u2014\u2014\u2014\u2014\u2014\u2014\u2014\u2014<\/p>\n<p><!-- \/divi:paragraph --><!-- divi:paragraph --><\/p>\n<p>Immatricul\u00e9 au registre du commerce et des soci\u00e9t\u00e9s de<\/p>\n<p><!-- \/divi:paragraph --><!-- divi:paragraph --><\/p>\n<p>Sous le num\u00e9ro \u2014\u2014\u2014\u2014\u2014\u2014\u2014\u2014\u2014\u2014\u2014\u2014\u2014-<\/p>\n<p><!-- \/divi:paragraph --><!-- divi:paragraph --><\/p>\n<p>Repr\u00e9sent\u00e9 par \u2014\u2014\u2014\u2014\u2014\u2014\u2014\u2014\u2014\u2014\u2014\u2014\u2014\u2014\u2013En qualit\u00e9 de \u2014\u2014\u2014\u2014\u2014\u2014\u2014\u2014-<\/p>\n<p><!-- \/divi:paragraph --><!-- divi:paragraph --><\/p>\n<p>Et agissant dans le cadre du pr\u00e9sent contrat en qualit\u00e9 de RESPONSABLE DE TRAITEMENT (RDT)<\/p>\n<p><!-- \/divi:paragraph --><!-- divi:list {\"ordered\":true,\"type\":\"I\"} --><\/p>\n<ol type=\"I\">\n<li>Objet<\/li>\n<\/ol>\n<p><!-- \/divi:list --><!-- divi:paragraph --><\/p>\n<p>Les pr\u00e9sentes clauses ont pour objet de d\u00e9finir les conditions dans lesquelles le sous-traitant s\u2018engage \u00e0 effectuer pour le compte du responsable de traitement les op\u00e9rations de traitement de donn\u00e9es \u00e0 caract\u00e8re personnel d\u00e9finies ci-apr\u00e8s.<\/p>\n<p><!-- \/divi:paragraph --><!-- divi:paragraph --><\/p>\n<p>Dans le cadre de leurs relations contractuelles, les parties s\u2018engagent \u00e0 respecter la r\u00e9glementation en vigueur applicable au traitement de donn\u00e9es \u00e0 caract\u00e8re personnel et, en particulier, le r\u00e8glement\u00a0(UE) 2016\/679 du Parlement europ\u00e9en et du Conseil du 27 avril 2016 applicable \u00e0 compter du 25 mai 2018 (ci-apr\u00e8s, \u00ab\u00a0<strong>le r\u00e8glement europ\u00e9en sur la protection des donn\u00e9es\u00a0<\/strong>\u00bb).<\/p>\n<p><!-- \/divi:paragraph --><!-- divi:list {\"ordered\":true,\"type\":\"I\"} --><\/p>\n<ol type=\"I\">\n<li>Description du traitement faisant l\u2018objet de la sous-traitance<\/li>\n<\/ol>\n<p><!-- \/divi:list --><!-- divi:paragraph --><\/p>\n<p>Le sous-traitant est autoris\u00e9 \u00e0 traiter pour le compte du responsable de traitement les donn\u00e9es \u00e0 caract\u00e8re personnel n\u00e9cessaires pour fournir le ou les service(s) suivant(s)\u00a0:<\/p>\n<p><!-- \/divi:paragraph --><!-- divi:list --><\/p>\n<ul>\n<li>Prestations de service \u00e0 r\u00e9aliser par le prestataire telles qu\u2019elles sont d\u00e9finies dans le mandat de recouvrement.<\/li>\n<\/ul>\n<p><!-- \/divi:list --><!-- divi:list {\"ordered\":true,\"type\":\"I\"} --><\/p>\n<ol type=\"I\">\n<li>Dur\u00e9e du contrat<\/li>\n<\/ol>\n<p><!-- \/divi:list --><!-- divi:paragraph --><\/p>\n<p>Le pr\u00e9sent contrat entre en vigueur \u00e0 compter du 27\/11\/2020 pour une dur\u00e9e ind\u00e9termin\u00e9e.<\/p>\n<p><!-- \/divi:paragraph --><!-- divi:list {\"ordered\":true,\"type\":\"I\"} --><\/p>\n<ol type=\"I\">\n<li>Obligations du sous-traitant vis-\u00e0-vis du responsable de traitement<\/li>\n<\/ol>\n<p><!-- \/divi:list --><!-- divi:paragraph --><\/p>\n<p>Le sous-traitant s\u2019engage \u00e0 :<\/p>\n<p><!-- \/divi:paragraph --><!-- divi:paragraph --><\/p>\n<p>1. Traiter les donn\u00e9es\u00a0<strong>uniquement pour la ou les seule(s) finalit\u00e9(s)<\/strong>\u00a0qui fait\/font l\u2018objet de la sous-traitance.<\/p>\n<p><!-- \/divi:paragraph --><!-- divi:paragraph --><\/p>\n<p>2. Traiter les donn\u00e9es\u00a0<strong>conform\u00e9ment aux instructions document\u00e9es<\/strong>\u00a0du responsable de traitement figurant en annexe du pr\u00e9sent contrat. Si le sous-traitant consid\u00e8re qu\u2018une instruction constitue une violation du r\u00e8glement europ\u00e9en sur la protection des donn\u00e9es ou de toute autre disposition du droit de l\u2018Union ou du droit des Etats membres relative \u00e0 la protection des donn\u00e9es, il en\u00a0<strong>informe imm\u00e9diatement\u00a0<\/strong>le responsable de traitement. En outre, si le sous-traitant est tenu de proc\u00e9der \u00e0 un transfert de donn\u00e9es vers un pays tiers ou \u00e0 une organisation internationale, en vertu du droit de l\u2018Union ou du droit de l\u2018Etat membre auquel il est soumis, il doit informer le responsable du traitement de cette obligation juridique avant le traitement, sauf si le droit concern\u00e9 interdit une telle information pour des motifs importants d\u2019int\u00e9r\u00eat public.<\/p>\n<p><!-- \/divi:paragraph --><!-- divi:paragraph --><\/p>\n<p>3. <strong>Garantir la\u00a0confidentialit\u00e9<\/strong>\u00a0des donn\u00e9es \u00e0 caract\u00e8re personnel trait\u00e9es dans le cadre du pr\u00e9sent contrat.<\/p>\n<p><!-- \/divi:paragraph --><!-- divi:paragraph --><\/p>\n<p>4. Veiller \u00e0 ce que les\u00a0<strong>personnes autoris\u00e9es \u00e0 traiter les donn\u00e9es \u00e0 caract\u00e8re personnel\u00a0<\/strong>en vertu du pr\u00e9sent contrat\u00a0:<\/p>\n<p><!-- \/divi:paragraph --><!-- divi:list --><\/p>\n<ul>\n<li>s\u2018engagent \u00e0 respecter la\u00a0confidentialit\u00e9\u00a0ou soient soumises \u00e0 une obligation l\u00e9gale appropri\u00e9e de confidentialit\u00e9\u00a0;<\/li>\n<li>re\u00e7oivent la\u00a0formation\u00a0n\u00e9cessaire en mati\u00e8re de protection des donn\u00e9es \u00e0 caract\u00e8re personnel.<\/li>\n<\/ul>\n<p><!-- \/divi:list --><!-- divi:paragraph --><\/p>\n<p>5. Prendre en compte, s\u2018agissant de ses outils, produits, applications ou services, les principes de<strong>\u00a0protection des donn\u00e9es d\u00e8s la conception<\/strong>\u00a0et de<strong>\u00a0protection des donn\u00e9es par d\u00e9faut.<\/strong><\/p>\n<p><!-- \/divi:paragraph --><!-- divi:paragraph --><\/p>\n<p>6.<strong> Sous-traitance<\/strong><\/p>\n<p><!-- \/divi:paragraph --><!-- divi:paragraph --><\/p>\n<p>Le sous-traitant peut faire appel \u00e0 un autre sous-traitant (ci-apr\u00e8s, \u00ab\u00a0le\u00a0sous-traitant ult\u00e9rieur\u00a0\u00bb) pour mener des activit\u00e9s de traitement sp\u00e9cifiques. Dans ce cas, il informe pr\u00e9alablement et par \u00e9crit le responsable de traitement de tout changement envisag\u00e9 concernant l\u2018ajout ou le remplacement d\u2018autres sous-traitants. Cette information doit indiquer clairement les activit\u00e9s de traitement sous-trait\u00e9es, l\u2018identit\u00e9 et les coordonn\u00e9es du sous-traitant et les dates du contrat de sous-traitance. Le responsable de traitement dispose d\u2018un d\u00e9lai minium de 30 jours \u00e0 compter de la date de r\u00e9ception de cette information pour pr\u00e9senter ses objections. Cette sous-traitance ne peut \u00eatre effectu\u00e9e que si le responsable de traitement n\u2019a pas \u00e9mis d\u2019objection pendant le d\u00e9lai convenu.<\/p>\n<p><!-- \/divi:paragraph --><!-- divi:paragraph --><\/p>\n<p>Le sous-traitant ult\u00e9rieur est tenu de respecter les obligations du pr\u00e9sent contrat pour le compte et selon les instructions du responsable de traitement. Il appartient au sous-traitant initial de s\u2018assurer que le sous-traitant ult\u00e9rieur pr\u00e9sente les m\u00eames garanties suffisantes quant \u00e0 la mise en \u0153uvre de mesures techniques et organisationnelles appropri\u00e9es de mani\u00e8re \u00e0 ce que le traitement r\u00e9ponde aux exigences du r\u00e8glement europ\u00e9en sur la protection des donn\u00e9es. Si le sous-traitant ult\u00e9rieur ne remplit pas ses obligations en mati\u00e8re de protection des donn\u00e9es, le sous-traitant initial demeure pleinement responsable devant le responsable de traitement de l\u2018ex\u00e9cution par l\u2018autre sous-traitant de ses obligations.<\/p>\n<p><!-- \/divi:paragraph --><!-- divi:paragraph --><\/p>\n<p>7.<strong> Droit d\u2018information des personnes concern\u00e9es<\/strong><\/p>\n<p><!-- \/divi:paragraph --><!-- divi:paragraph --><\/p>\n<p>Il appartient au responsable de traitement de fournir l\u2018information aux personnes concern\u00e9es par les op\u00e9rations de traitement au moment de la collecte des donn\u00e9es.<\/p>\n<p><!-- \/divi:paragraph --><!-- divi:paragraph --><\/p>\n<p>8.<strong> Exercice des droits des personnes<\/strong><\/p>\n<p><!-- \/divi:paragraph --><!-- divi:paragraph --><\/p>\n<p>Dans la mesure du possible, le sous-traitant doit aider le responsable de traitement \u00e0 s\u2018acquitter de son obligation de donner suite aux demandes d\u2018exercice des droits des personnes concern\u00e9es\u00a0: droit d\u2018acc\u00e8s, de rectification, d\u2018effacement et d\u2018opposition, droit \u00e0 la limitation du traitement, droit \u00e0 la portabilit\u00e9 des donn\u00e9es, droit de ne pas faire l\u2018objet d\u2018une d\u00e9cision individuelle automatis\u00e9e (y compris le profilage).<\/p>\n<p><!-- \/divi:paragraph --><!-- divi:paragraph --><\/p>\n<p>Lorsque les personnes concern\u00e9es exercent aupr\u00e8s du sous-traitant des demandes d\u2018exercice de leurs droits, le sous-traitant doit adresser ces demandes d\u00e8s r\u00e9ception par courrier \u00e9lectronique \u00e0 Monsieur Lehuede \/ contact@recovit.fr<\/p>\n<p><!-- \/divi:paragraph --><!-- divi:paragraph --><\/p>\n<p>9.<strong> Notification des violations de donn\u00e9es \u00e0 caract\u00e8re personnel<\/strong><\/p>\n<p><!-- \/divi:paragraph --><!-- divi:paragraph --><\/p>\n<p>Le sous-traitant notifie au responsable de traitement toute violation de donn\u00e9es \u00e0 caract\u00e8re personnel dans un d\u00e9lai maximum de 48 heures apr\u00e8s en avoir pris connaissance et par le moyen suivant\u00a0: demande par mail. Cette notification est accompagn\u00e9e de toute documentation utile afin de permettre au responsable de traitement, si n\u00e9cessaire, de notifier cette violation \u00e0 l\u2018autorit\u00e9 de contr\u00f4le comp\u00e9tente.<\/p>\n<p><!-- \/divi:paragraph --><!-- divi:paragraph --><\/p>\n<p>Apr\u00e8s accord du responsable de traitement, le sous-traitant notifie \u00e0 l\u2018autorit\u00e9 de contr\u00f4le comp\u00e9tente (la CNIL), au nom et pour le compte du responsable de traitement, les violations de donn\u00e9es \u00e0 caract\u00e8re personnel dans les meilleurs d\u00e9lais et, si possible, 72 heures au plus tard apr\u00e8s en avoir pris connaissance, \u00e0 moins que la violation en question ne soit pas susceptible d\u2018engendrer un risque pour les droits et libert\u00e9s des personnes physiques.<\/p>\n<p><!-- \/divi:paragraph --><!-- divi:paragraph --><\/p>\n<p>La notification contient\u00a0au moins :<\/p>\n<p><!-- \/divi:paragraph --><!-- divi:list --><\/p>\n<ul>\n<li>la description de la nature de la violation de donn\u00e9es \u00e0 caract\u00e8re personnel y compris, si possible, les cat\u00e9gories et le nombre approximatif de personnes concern\u00e9es par la violation et les cat\u00e9gories et le nombre approximatif d\u2019enregistrements de donn\u00e9es \u00e0 caract\u00e8re personnel concern\u00e9s\u00a0;<\/li>\n<li>le nom et les coordonn\u00e9es du d\u00e9l\u00e9gu\u00e9 \u00e0 la protection des donn\u00e9es ou d\u2019un autre point de contact aupr\u00e8s duquel des informations suppl\u00e9mentaires peuvent \u00eatre obtenues ;<\/li>\n<li>la description des cons\u00e9quences probables de la violation de donn\u00e9es \u00e0 caract\u00e8re personnel ;<\/li>\n<li>la description des mesures prises ou que le responsable du traitement propose de prendre pour rem\u00e9dier \u00e0 la violation de donn\u00e9es \u00e0 caract\u00e8re personnel, y compris, le cas \u00e9ch\u00e9ant, les mesures pour en att\u00e9nuer les \u00e9ventuelles cons\u00e9quences n\u00e9gatives.<\/li>\n<\/ul>\n<p><!-- \/divi:list --><!-- divi:paragraph --><\/p>\n<p>Si, et dans la mesure o\u00f9 il n\u2018est pas possible de fournir toutes ces informations en m\u00eame temps, les informations peuvent \u00eatre communiqu\u00e9es de mani\u00e8re \u00e9chelonn\u00e9e sans retard indu.<\/p>\n<p><!-- \/divi:paragraph --><!-- divi:paragraph --><\/p>\n<p>Apr\u00e8s accord du responsable de traitement, le sous-traitant communique, au nom et pour le compte du responsable de traitement, la violation de donn\u00e9es \u00e0 caract\u00e8re personnel \u00e0 la personne concern\u00e9e dans les meilleurs d\u00e9lais, lorsque cette violation est susceptible d\u2019engendrer un risque \u00e9lev\u00e9 pour les droits et libert\u00e9s d\u2019une personne physique.<\/p>\n<p><!-- \/divi:paragraph --><!-- divi:paragraph --><\/p>\n<p>La communication \u00e0 la personne concern\u00e9e d\u00e9crit, en des termes clairs et simples, la nature de la violation de donn\u00e9es \u00e0 caract\u00e8re personnel et contient au moins :<\/p>\n<p><!-- \/divi:paragraph --><!-- divi:list --><\/p>\n<ul>\n<li>la description de la nature de la violation de donn\u00e9es \u00e0 caract\u00e8re personnel y compris, si possible, les cat\u00e9gories et le nombre approximatif de personnes concern\u00e9es par la violation et les cat\u00e9gories et le nombre approximatif d\u2019enregistrements de donn\u00e9es \u00e0 caract\u00e8re personnel concern\u00e9s\u00a0;<\/li>\n<li>le nom et les coordonn\u00e9es du d\u00e9l\u00e9gu\u00e9 \u00e0 la protection des donn\u00e9es ou d\u2019un autre point de contact aupr\u00e8s duquel des informations suppl\u00e9mentaires peuvent \u00eatre obtenues ;<\/li>\n<li>la description des cons\u00e9quences probables de la violation de donn\u00e9es \u00e0 caract\u00e8re personnel ;<\/li>\n<li>la description des mesures prises ou que le responsable du traitement propose de prendre pour rem\u00e9dier \u00e0 la violation de donn\u00e9es \u00e0 caract\u00e8re personnel, y compris, le cas \u00e9ch\u00e9ant, les mesures pour en att\u00e9nuer les \u00e9ventuelles cons\u00e9quences n\u00e9gatives.<\/li>\n<\/ul>\n<p><!-- \/divi:list --><!-- divi:paragraph --><\/p>\n<p>10.<strong> Aide du sous-traitant dans le cadre du respect par le responsable de traitement de ses obligations<\/strong><\/p>\n<p><!-- \/divi:paragraph --><!-- divi:paragraph --><\/p>\n<p>Le sous-traitant aide le responsable de traitement pour la r\u00e9alisation d\u2018analyses d\u2018impact relative \u00e0 la protection des donn\u00e9es.<\/p>\n<p><!-- \/divi:paragraph --><!-- divi:paragraph --><\/p>\n<p>Le sous-traitant aide le responsable de traitement pour la r\u00e9alisation de la consultation pr\u00e9alable de l\u2018autorit\u00e9 de contr\u00f4le.<\/p>\n<p><!-- \/divi:paragraph --><!-- divi:paragraph --><\/p>\n<p>11.<strong> Mesures de s\u00e9curit\u00e9<\/strong><\/p>\n<p><!-- \/divi:paragraph --><!-- divi:paragraph --><\/p>\n<p>Le sous-traitant s\u2018engage \u00e0 mettre en \u0153uvre les mesures de s\u00e9curit\u00e9 suivantes\u00a0:<\/p>\n<p><!-- \/divi:paragraph --><!-- divi:list --><\/p>\n<ul>\n<li>la pseudonymisation et le chiffrement des donn\u00e9es \u00e0 caract\u00e8re personnel<\/li>\n<li>les moyens permettant de garantir la confidentialit\u00e9, l\u2019int\u00e9grit\u00e9, la disponibilit\u00e9 et la r\u00e9silience constantes des syst\u00e8mes et des services de traitement ;<\/li>\n<li>les moyens permettant de r\u00e9tablir la disponibilit\u00e9 des donn\u00e9es \u00e0 caract\u00e8re personnel et l\u2019acc\u00e8s \u00e0 celles-ci dans des d\u00e9lais appropri\u00e9s en cas d\u2019incident physique ou technique ;<\/li>\n<li>une proc\u00e9dure visant \u00e0 tester, \u00e0 \u2018analyser et \u00e0 \u2018\u00e9valuer r\u00e9guli\u00e8rement l\u2019efficacit\u00e9 des mesures techniques et organisationnelles pour assurer la s\u00e9curit\u00e9 du traitement]<\/li>\n<\/ul>\n<p><!-- \/divi:list --><!-- divi:paragraph --><\/p>\n<p>12.<strong> Sort des donn\u00e9es<\/strong><\/p>\n<p><!-- \/divi:paragraph --><!-- divi:paragraph --><\/p>\n<p>Au terme de la prestation de services relatifs au traitement de ces donn\u00e9es, le sous-traitant s\u2018engage \u00e0\u00a0:<\/p>\n<p><!-- \/divi:paragraph --><!-- divi:paragraph --><\/p>\n<p>Au choix\u00a0des parties\u00a0:<\/p>\n<p><!-- \/divi:paragraph --><!-- divi:list --><\/p>\n<ul>\n<li>d\u00e9truire toutes les donn\u00e9es \u00e0 caract\u00e8re personnel<\/li>\n<li>\u00e0 renvoyer toutes les donn\u00e9es \u00e0 caract\u00e8re personnel au responsable de traitement<\/li>\n<li>\u00e0 renvoyer les donn\u00e9es \u00e0 caract\u00e8re personnel au sous-traitant d\u00e9sign\u00e9 par le responsable de traitement<\/li>\n<\/ul>\n<p><!-- \/divi:list --><!-- divi:paragraph --><\/p>\n<p>Le renvoi doit s\u2018accompagner de la destruction de toutes les copies existantes dans les syst\u00e8mes d\u2018information du sous-traitant. Une fois d\u00e9truites, le sous-traitant doit justifier par \u00e9crit de la destruction.<\/p>\n<p><!-- \/divi:paragraph --><!-- divi:paragraph --><\/p>\n<p>13.<strong> D\u00e9l\u00e9gu\u00e9 \u00e0 la protection des donn\u00e9es<\/strong><\/p>\n<p><!-- \/divi:paragraph --><!-- divi:paragraph --><\/p>\n<p>Le sous-traitant communique au responsable de traitement\u00a0<strong>le nom et les coordonn\u00e9es de son d\u00e9l\u00e9gu\u00e9 \u00e0 la protection des donn\u00e9es,<\/strong> s\u2018il en a d\u00e9sign\u00e9 un conform\u00e9ment \u00e0 l\u2018article 37 du r\u00e8glement europ\u00e9en sur la protection des donn\u00e9es.<\/p>\n<p><!-- \/divi:paragraph --><!-- divi:paragraph --><\/p>\n<p>14.<strong> Registre des cat\u00e9gories d\u2018activit\u00e9s de traitement<\/strong><\/p>\n<p><!-- \/divi:paragraph --><!-- divi:paragraph --><\/p>\n<p>Le sous-traitant d\u00e9clare\u00a0<strong>tenir par \u00e9crit un registre<\/strong>\u00a0de toutes les cat\u00e9gories d\u2018activit\u00e9s de traitement effectu\u00e9es pour le compte du responsable de traitement comprenant\u00a0:<\/p>\n<p><!-- \/divi:paragraph --><!-- divi:list --><\/p>\n<ul>\n<li>le nom et les coordonn\u00e9es du responsable de traitement pour le compte duquel il agit, des \u00e9ventuels sous-traitants et, le cas \u00e9ch\u00e9ant, du d\u00e9l\u00e9gu\u00e9 \u00e0 la protection des donn\u00e9es ;<\/li>\n<li>les cat\u00e9gories de traitements effectu\u00e9s pour le compte du responsable du traitement ;<\/li>\n<li>le cas \u00e9ch\u00e9ant, les transferts de donn\u00e9es \u00e0 caract\u00e8re personnel vers un pays tiers ou \u00e0 une organisation internationale, y compris l\u2019identification de ce pays tiers ou de cette organisation internationale et, dans le cas des transferts vis\u00e9s \u00e0 l\u2019article 49, paragraphe 1, deuxi\u00e8me alin\u00e9a du r\u00e8glement europ\u00e9en sur la protection des donn\u00e9es, les documents attestant de l\u2019existence de garanties appropri\u00e9es ;<\/li>\n<li>dans la mesure du possible, une description g\u00e9n\u00e9rale des mesures de s\u00e9curit\u00e9 techniques et organisationnelles, y compris entre autres, selon les besoins\u00a0:<\/li>\n<li>la pseudonymisation et le chiffrement des donn\u00e9es \u00e0 caract\u00e8re personnel ;<\/li>\n<li>des moyens permettant de garantir la confidentialit\u00e9, l\u2019int\u00e9grit\u00e9, la disponibilit\u00e9 et la r\u00e9silience constantes des syst\u00e8mes et des services de traitement ;<\/li>\n<li>des moyens permettant de r\u00e9tablir la disponibilit\u00e9 des donn\u00e9es \u00e0 caract\u00e8re personnel et l\u2019acc\u00e8s \u00e0 celles-ci dans des d\u00e9lais appropri\u00e9s en cas d\u2019incident physique ou technique ;<\/li>\n<li>une proc\u00e9dure visant \u00e0 tester, \u00e0 analyser et \u00e0 \u00e9valuer r\u00e9guli\u00e8rement l\u2019efficacit\u00e9 des mesures techniques et organisationnelles pour assurer la s\u00e9curit\u00e9 du traitement.<\/li>\n<\/ul>\n<p><!-- \/divi:list --><!-- divi:paragraph --><\/p>\n<p>15.<strong> Documentation<\/strong><\/p>\n<p><!-- \/divi:paragraph --><!-- divi:paragraph --><\/p>\n<p>Le sous-traitant met \u00e0 la disposition du responsable de traitement\u00a0<strong>la\u00a0documentation n\u00e9cessaire pour d\u00e9montrer le respect de toutes ses obligations<\/strong>\u00a0et pour permettre la r\u00e9alisation d\u2019audits, y compris des inspections, par le responsable du traitement ou un autre auditeur qu\u2019il a mandat\u00e9, et contribuer \u00e0 ces audits.<\/p>\n<p><!-- \/divi:paragraph --><!-- divi:list --><\/p>\n<ul>\n<li>Obligations du responsable de traitement vis-\u00e0-vis du sous-traitant<\/li>\n<\/ul>\n<p><!-- \/divi:list --><!-- divi:paragraph --><\/p>\n<p>Le responsable de traitement s\u2018engage \u00e0\u00a0:<\/p>\n<p><!-- \/divi:paragraph --><!-- divi:list --><\/p>\n<ul>\n<li>fournir au sous-traitant les donn\u00e9es vis\u00e9es au II des pr\u00e9sentes clauses<\/li>\n<li>documenter par \u00e9crit toute instruction concernant le traitement des donn\u00e9es par le sous-traitant<\/li>\n<li>veiller, au pr\u00e9alable et pendant toute la dur\u00e9e du traitement, au respect des obligations pr\u00e9vues par le r\u00e8glement europ\u00e9en sur la protection des donn\u00e9es de la part du sous-traitant<\/li>\n<li>superviser le traitement, y compris r\u00e9aliser les audits et les inspections aupr\u00e8s du sous-traitant<\/li>\n<\/ul>\n<p><!-- \/divi:list --><!-- divi:table --><\/p>\n<figure class=\"wp-block-table\">\n<table>\n<tbody>\n<tr>\n<td>Le Client Et Responsable de traitement (RDT)<\/td>\n<\/tr>\n<\/tbody>\n<\/table>\n<\/figure>\n<p><!-- \/divi:table --><!-- divi:table --><\/p>\n<figure class=\"wp-block-table\">\n<table>\n<tbody>\n<tr>\n<td>Le Prestataire\u00a0:<\/td>\n<\/tr>\n<\/tbody>\n<\/table>\n<\/figure>\n<p><!-- \/divi:table --><!-- divi:paragraph --><\/p>\n<p>Fait entre les parties \u00e0\u00a0\u00a0\u00a0\u00a0\u00a0\u00a0\u00a0\u00a0\u00a0\u00a0\u00a0\u00a0\u00a0\u00a0\u00a0\u00a0\u00a0\u00a0\u00a0\u00a0\u00a0\u00a0\u00a0\u00a0\u00a0\u00a0\u00a0\u00a0\u00a0\u00a0\u00a0\u00a0\u00a0\u00a0\u00a0\u00a0\u00a0\u00a0\u00a0\u00a0\u00a0\u00a0\u00a0\u00a0\u00a0\u00a0\u00a0\u00a0\u00a0\u00a0\u00a0\u00a0\u00a0\u00a0\u00a0\u00a0\u00a0 le\u00a0\u00a0\u00a0 \/\u00a0\u00a0\u00a0 \/2020<\/p>\n<p><!-- \/divi:paragraph -->[\/et_pb_text][\/et_pb_column][\/et_pb_row][\/et_pb_section]<\/p>\n","protected":false},"excerpt":{"rendered":"<p>[et_pb_section fb_built=\u00a0\u00bb1&Prime; _builder_version=\u00a0\u00bb3.22&Prime;][et_pb_row _builder_version=\u00a0\u00bb3.25&Prime; background_size=\u00a0\u00bbinitial\u00a0\u00bb background_position=\u00a0\u00bbtop_left\u00a0\u00bb background_repeat=\u00a0\u00bbrepeat\u00a0\u00bb][et_pb_column type=\u00a0\u00bb4_4&Prime; _builder_version=\u00a0\u00bb3.25&Prime; custom_padding=\u00a0\u00bb|||\u00a0\u00bb custom_padding__hover=\u00a0\u00bb|||\u00a0\u00bb][et_pb_text _builder_version=\u00a0\u00bb3.27.4&Prime; background_size=\u00a0\u00bbinitial\u00a0\u00bb background_position=\u00a0\u00bbtop_left\u00a0\u00bb background_repeat=\u00a0\u00bbrepeat\u00a0\u00bb] Qui sommes-nous\u00a0? L\u2019adresse de notre site Web est\u00a0: https:\/\/recovit.fr. Utilisation des donn\u00e9es personnelles collect\u00e9es Commentaires En laissant un commentaire sur notre site web, les donn\u00e9es inscrites dans le formulaire de commentaire, votre adresse IP et aussi l\u2019agent utilisateur de votre [&hellip;]<\/p>\n","protected":false},"author":1,"featured_media":0,"parent":0,"menu_order":0,"comment_status":"closed","ping_status":"open","template":"","meta":{"_et_pb_use_builder":"on","_et_pb_old_content":"<!-- wp:heading -->\n<h2>Qui sommes-nous&nbsp;?<\/h2>\n<!-- \/wp:heading -->\n\n<!-- wp:paragraph -->\n<p>L\u2019adresse de notre site Web est&nbsp;: https:\/\/recovit.fr.<\/p>\n<!-- \/wp:paragraph -->\n\n<!-- wp:heading -->\n<h2>Utilisation des donn\u00e9es personnelles collect\u00e9es<\/h2>\n<!-- \/wp:heading -->\n\n<!-- wp:heading {\"level\":3} -->\n<h3>Commentaires<\/h3>\n<!-- \/wp:heading -->\n\n<!-- wp:paragraph -->\n<p>En laissant un commentaire sur notre site web, les donn\u00e9es inscrites dans le formulaire de commentaire, votre adresse IP et aussi l\u2019agent utilisateur de votre navigateur sont collect\u00e9s pour nous aider \u00e0 la d\u00e9tection des commentaires ind\u00e9sirables.<\/p>\n<!-- \/wp:paragraph -->\n\n<!-- wp:heading {\"level\":3} -->\n<h3>M\u00e9dias<\/h3>\n<!-- \/wp:heading -->\n\n<!-- wp:paragraph -->\n<p>Si vous \u00eates un utilisateur ou une utilisatrice enregistr\u00e9\u00b7e et que vous t\u00e9l\u00e9versez des images sur le site web, nous vous conseillons d\u2019\u00e9viter de t\u00e9l\u00e9verser des images contenant des donn\u00e9es EXIF de coordonn\u00e9es GPS. Les visiteurs de votre site web peuvent t\u00e9l\u00e9charger et extraire des donn\u00e9es de localisation depuis ces images.<\/p>\n<!-- \/wp:paragraph -->\n\n<!-- wp:heading {\"level\":3} -->\n<h3>Formulaires de contact<\/h3>\n<!-- \/wp:heading -->\n\n<!-- wp:heading {\"level\":3} -->\n<h3>Cookies<\/h3>\n<!-- \/wp:heading -->\n\n<!-- wp:paragraph -->\n<p>En d\u00e9posant un commentaire sur notre site, il vous sera propos\u00e9 d\u2019enregistrer votre nom, adresse de messagerie et site web dans des cookies. C\u2019est uniquement pour votre confort afin de ne pas avoir \u00e0 saisir ces informations si vous d\u00e9posez un autre commentaire plus tard. Ces cookies expirent au bout d\u2019un an.<\/p>\n<!-- \/wp:paragraph -->\n\n<!-- wp:paragraph -->\n<p>Si vous avez un compte et que vous vous connectez sur ce site, un cookie temporaire sera cr\u00e9\u00e9 afin de d\u00e9terminer si votre navigateur accepte les cookies. Il ne contient pas de donn\u00e9es personnelles et sera supprim\u00e9 automatiquement \u00e0 la fermeture de votre navigateur.<\/p>\n<!-- \/wp:paragraph -->\n\n<!-- wp:paragraph -->\n<p>Lorsque vous vous connecterez, nous mettrons en place un certain nombre de cookies pour enregistrer vos informations de connexion et vos pr\u00e9f\u00e9rences d\u2019\u00e9cran. La dur\u00e9e de vie d\u2019un cookie de connexion est de deux jours, celle d\u2019un cookie d\u2019option d\u2019\u00e9cran est d\u2019un an. Si vous cochez \u00ab&nbsp;Se souvenir de moi&nbsp;\u00bb, votre cookie de connexion sera conserv\u00e9 pendant deux semaines. Si vous vous d\u00e9connectez de votre compte, le cookie de connexion sera effac\u00e9.<\/p>\n<!-- \/wp:paragraph -->\n\n<!-- wp:paragraph -->\n<p>En modifiant ou en publiant une publication, un cookie suppl\u00e9mentaire sera enregistr\u00e9 dans votre navigateur. Ce cookie ne comprend aucune donn\u00e9e personnelle. Il indique simplement l\u2019ID de la publication que vous venez de modifier. Il expire au bout d\u2019un jour.<\/p>\n<!-- \/wp:paragraph -->\n\n<!-- wp:heading {\"level\":3} -->\n<h3>Contenu embarqu\u00e9 depuis d\u2019autres sites<\/h3>\n<!-- \/wp:heading -->\n\n<!-- wp:paragraph -->\n<p>Les articles de ce site peuvent inclure des contenus int\u00e9gr\u00e9s (par exemple des vid\u00e9os, images, articles\u2026). Le contenu int\u00e9gr\u00e9 depuis d\u2019autres sites se comporte de la m\u00eame mani\u00e8re que si le visiteur se rendait sur cet autre site.<\/p>\n<!-- \/wp:paragraph -->\n\n<!-- wp:paragraph -->\n<p>Ces sites web pourraient collecter des donn\u00e9es sur vous, utiliser des cookies, embarquer des outils de suivis tiers, suivre vos interactions avec ces contenus embarqu\u00e9s si vous disposez d\u2019un compte connect\u00e9 sur leur site web.<\/p>\n<!-- \/wp:paragraph -->\n\n<!-- wp:heading {\"level\":3} -->\n<h3>Statistiques et mesures d\u2019audience<\/h3>\n<!-- \/wp:heading -->\n\n<!-- wp:heading -->\n<h2>Utilisation et transmission de vos donn\u00e9es personnelles<\/h2>\n<!-- \/wp:heading -->\n\n<!-- wp:heading -->\n<h2>Dur\u00e9es de stockage de vos donn\u00e9es<\/h2>\n<!-- \/wp:heading -->\n\n<!-- wp:paragraph -->\n<p>Si vous laissez un commentaire, votre commentaire et ses m\u00e9tadonn\u00e9es sont conserv\u00e9s ind\u00e9finiment. Cela permet de reconna\u00eetre et approuver automatiquement les commentaires suivants au lieu de les laisser dans la file de mod\u00e9ration.<\/p>\n<!-- \/wp:paragraph -->\n\n<!-- wp:paragraph -->\n<p>Pour les utilisateurs et utilisatrices qui s\u2019enregistrent sur notre site (si cela est possible), nous stockons \u00e9galement les donn\u00e9es personnelles indiqu\u00e9es dans leur profil. Tous les utilisateurs et utilisatrices peuvent voir, modifier ou supprimer leurs informations personnelles \u00e0 tout moment (\u00e0 l\u2019exception de leur nom d\u2019utilisateur\u00b7ice). Les gestionnaires du site peuvent aussi voir et modifier ces informations.<\/p>\n<!-- \/wp:paragraph -->\n\n<!-- wp:heading -->\n<h2>Les droits que vous avez sur vos donn\u00e9es<\/h2>\n<!-- \/wp:heading -->\n\n<!-- wp:paragraph -->\n<p>Si vous avez un compte ou si vous avez laiss\u00e9 des commentaires sur le site, vous pouvez demander \u00e0 recevoir un fichier contenant toutes les donn\u00e9es personnelles que nous poss\u00e9dons \u00e0 votre sujet, incluant celles que vous nous avez fournies. Vous pouvez \u00e9galement demander la suppression des donn\u00e9es personnelles vous concernant. Cela ne prend pas en compte les donn\u00e9es stock\u00e9es \u00e0 des fins administratives, l\u00e9gales ou pour des raisons de s\u00e9curit\u00e9.<\/p>\n<!-- \/wp:paragraph -->\n\n<!-- wp:heading -->\n<h2>Transmission de vos donn\u00e9es personnelles<\/h2>\n<!-- \/wp:heading -->\n\n<!-- wp:paragraph -->\n<p>Vos commentaires peuvent \u00eatre v\u00e9rifi\u00e9s \u00e0 l\u2019aide d\u2019un service automatis\u00e9 de d\u00e9tection des commentaires ind\u00e9sirables.<\/p>\n<!-- \/wp:paragraph -->\n\n<!-- wp:heading {\"level\":3} -->\n<h3>Conditions g\u00e9n\u00e9rales de ventes<\/h3>\n<!-- \/wp:heading -->\n\n<!-- wp:paragraph -->\n<p>1. Objet<\/p>\n<!-- \/wp:paragraph -->\n\n<!-- wp:paragraph -->\n<p>Les pr\u00e9sentes conditions g\u00e9n\u00e9rales de service d\u00e9finissent les modalit\u00e9s d\u2019utilisation par le Client des diff\u00e9rents services de gestion et recouvrement de cr\u00e9ances propos\u00e9s par Recovit.<\/p>\n<!-- \/wp:paragraph -->\n\n<!-- wp:paragraph -->\n<p>2. Dur\u00e9e<\/p>\n<!-- \/wp:paragraph -->\n\n<!-- wp:paragraph -->\n<p>La pr\u00e9sente convention est conclue pour une dur\u00e9e ind\u00e9termin\u00e9e, chaque partie reste libre.<\/p>\n<!-- \/wp:paragraph -->\n\n<!-- wp:paragraph -->\n<p>Recovit s\u2019engage \u00e0 apporter tous ses soins de bon professionnel \u00e0 cette gestion.<\/p>\n<!-- \/wp:paragraph -->\n\n<!-- wp:paragraph -->\n<p>Dans l\u2019hypoth\u00e8se o\u00f9 le Client exigerait la restitution des dossiers en cours en raison de la d\u00e9nonciation du mandat, celle-ci serait subordonn\u00e9e au paiement pr\u00e9alable \u00e0 Recovit de toutes les commissions et de tous les remboursements de frais pouvant lui rester dus.<\/p>\n<!-- \/wp:paragraph -->\n\n<!-- wp:paragraph -->\n<p>3. Prestations de Recovit<\/p>\n<!-- \/wp:paragraph -->\n\n<!-- wp:paragraph -->\n<p>Pendant la dur\u00e9e de validit\u00e9 du Contrat, le client charge Recovit de recouvrer et d\u2019encaisser pour son compte les cr\u00e9ances certaines, liquides et exigibles en phase amiable. Le Client accepte la grille tarifaire en vigueur figurant au Contrat. Le Client donne procuration sans r\u00e9serve \u00e0 Recovit et \u00e0 ses mandataires pour encaisser toutes valeurs qui lui seront remises, pour n\u00e9gocier au mieux avec les d\u00e9biteurs et suivre les plans de r\u00e8glements.<\/p>\n<!-- \/wp:paragraph -->\n\n<!-- wp:paragraph -->\n<p>4. Constitution et Gestion des dossiers<\/p>\n<!-- \/wp:paragraph -->\n\n<!-- wp:paragraph -->\n<p>4.1 Transmission des cr\u00e9ances&nbsp;:<\/p>\n<!-- \/wp:paragraph -->\n\n<!-- wp:paragraph -->\n<p>Le client s\u2019engage \u00e0 ne transmettre \u00e0 RECOVIT que des dossiers portant sur des cr\u00e9ances qui&nbsp;:<\/p>\n<!-- \/wp:paragraph -->\n\n<!-- wp:paragraph -->\n<p>\u2013 n\u2019ont pas fait l\u2019objet de pratiques commerciales interdites par la r\u00e9glementation applicable, notamment des pratiques commerciales agressives, sont certaines, liquides et exigibles<\/p>\n<!-- \/wp:paragraph -->\n\n<!-- wp:paragraph -->\n<p>4.2 Traitement du dossier&nbsp;:<\/p>\n<!-- \/wp:paragraph -->\n\n<!-- wp:paragraph -->\n<p>D\u00e8s l\u2019envoi du dossier \u00e0 Recovit, le Client s\u2019interdit toute ing\u00e9rence dans le d\u00e9roulement de l\u2019affaire et notamment de prendre directement avec le d\u00e9biteur des accords pour le r\u00e8glement ou d\u2019entreprendre une action parall\u00e8le, n\u00e9anmoins le d\u00e9biteur est autoris\u00e9 \u00e0 payer sa facture directement entre les mains du client<\/p>\n<!-- \/wp:paragraph -->\n\n<!-- wp:paragraph -->\n<p>5. Acquisition des honoraires&nbsp;:<\/p>\n<!-- \/wp:paragraph -->\n\n<!-- wp:paragraph -->\n<p>Les honoraires de Recovit sont acquises \u00e0 compter de la date port\u00e9e sur l\u2019accus\u00e9 d\u2019enregistrement du dossier soit j+1<\/p>\n<!-- \/wp:paragraph -->\n\n<!-- wp:paragraph -->\n<p>Les honoraires indiqu\u00e9s sur le mandat sont fixes. En cons\u00e9quence, ils sont acquis \u00e0 Recovit en fonction des r\u00e9sultats et quels que soient le type, le nombre ou la dur\u00e9e des interventions de RECOVIT.<\/p>\n<!-- \/wp:paragraph -->\n\n<!-- wp:paragraph -->\n<p>Toutes les sommes encaiss\u00e9es par le Client (encaissement direct) ou directement \u00e0 Recovit (encaissement indirect) fera l\u2019objet d\u2019une facturation<\/p>\n<!-- \/wp:paragraph -->\n\n<!-- wp:paragraph -->\n<p>Le client s\u2019engage \u00e0 pr\u00e9venir tout r\u00e8glement intervenu entre ses mains, par l\u2019interface de gestion mis \u00e0 sa disposition sur le site www.recovit.fr, soit par mail.<\/p>\n<!-- \/wp:paragraph -->\n\n<!-- wp:paragraph -->\n<p>6. Retard de paiement<\/p>\n<!-- \/wp:paragraph -->\n\n<!-- wp:paragraph -->\n<p>Le non-paiement \u00e0 l\u2019\u00e9ch\u00e9ance entra\u00eene une majoration de 3 fois le taux d\u2019int\u00e9r\u00eat de retard l\u00e9gal. Ce taux sera applicable au 1<sup>er<\/sup> jour suivant l\u2019\u00e9ch\u00e9ance.<\/p>\n<!-- \/wp:paragraph -->\n\n<!-- wp:paragraph -->\n<p>Le r\u00e8glement des sommes dues post\u00e9rieurement \u00e0 la date d\u2019\u00e9ligibilit\u00e9 figurant sur la facture majorera de plein droit le montant de celle-ci de l\u2019indemnit\u00e9 forfaitaire de 40\u20ac pr\u00e9vue L441-6 alin\u00e9a 12 du code du commerce.<\/p>\n<!-- \/wp:paragraph -->\n\n<!-- wp:paragraph -->\n<p>En cas de modification r\u00e9glementaire du montant de cette indemnit\u00e9 forfaitaire, le nouveau montant sera de plein droit substitu\u00e9 \u00e0 celui figurant dans les pr\u00e9sentes conditions g\u00e9n\u00e9rales de vente ou conditions de r\u00e8glement.<\/p>\n<!-- \/wp:paragraph -->\n\n<!-- wp:paragraph -->\n<p>7. R\u00e9clamations<\/p>\n<!-- \/wp:paragraph -->\n\n<!-- wp:paragraph -->\n<p>Toute r\u00e9clamation concernant la gestion ou le classement d\u2019un dossier devra \u00eatre formul\u00e9e dans un d\u00e9lai de 3 mois apr\u00e8s le r\u00e8glement ou l\u2019avis de cl\u00f4ture adress\u00e9 au Client. Pass\u00e9 ce d\u00e9lai, la responsabilit\u00e9 de Recovit ne pourra \u00eatre recherch\u00e9e concernant les pi\u00e8ces des dossiers cl\u00f4tur\u00e9s.<\/p>\n<!-- \/wp:paragraph -->\n\n<!-- wp:paragraph -->\n<p>8. Assurance<\/p>\n<!-- \/wp:paragraph -->\n\n<!-- wp:paragraph -->\n<p>Recovit d\u00e9clare avoir souscrit une assurance garantissant sa Responsabilit\u00e9 Civile Professionnelle aupr\u00e8s du AXA \u00e0 Machecoul (44270)<\/p>\n<!-- \/wp:paragraph -->\n\n<!-- wp:paragraph -->\n<p>9. Confidentialit\u00e9<\/p>\n<!-- \/wp:paragraph -->\n\n<!-- wp:paragraph -->\n<p>A l\u2019exception de celles tomb\u00e9es dans le domaine public ou connues par ailleurs de l\u2019autre partie, Recovit et le Client s\u2019engagent \u00e0 conserver confidentielles les informations concernant l\u2019autre partie, de quelque nature qu\u2019elles soient, auxquelles ils auraient pu avoir acc\u00e8s au cours de l\u2019ex\u00e9cution de la prestation command\u00e9e pendant une dur\u00e9e de cinq ans suivant la r\u00e9ception de l\u2019information.<\/p>\n<!-- \/wp:paragraph -->\n\n<!-- wp:paragraph -->\n<p>Les parties prendront vis-\u00e0-vis de leur personnel et partenaires toutes les r\u00e9serves n\u00e9cessaires pour observer l\u2019effectivit\u00e9 de l\u2019obligation mentionn\u00e9e ci-dessus en se portant fort du respect de cette obligation de confidentialit\u00e9 par ces-derniers.<\/p>\n<!-- \/wp:paragraph -->\n\n<!-- wp:paragraph -->\n<p>10. Propri\u00e9t\u00e9 intellectuelle \u2013 r\u00e9f\u00e9rence commerciale<\/p>\n<!-- \/wp:paragraph -->\n\n<!-- wp:paragraph -->\n<p>Les courriers et documents de REACTIA RECOUVREMENT ne peuvent \u00eatre reproduits par quelque moyen que ce soit, sous peine de poursuites p\u00e9nales.<\/p>\n<!-- \/wp:paragraph -->\n\n<!-- wp:paragraph -->\n<p>11. Contrat sur la protection des donn\u00e9es \u00e0 caract\u00e8re personnel RGPD<\/p>\n<!-- \/wp:paragraph -->\n\n<!-- wp:paragraph -->\n<p>En application de la loi n\u00b02018-493 du 20\/06\/2018 et du r\u00e8glement (UE) 2016\/679 et \u00e0 la Directive (UE) 2016\/680 du parlement Europ\u00e9en et du conseil du 27\/avril 2016 \u00ab&nbsp;RGPD&nbsp;\u00bb<\/p>\n<!-- \/wp:paragraph -->\n\n<!-- wp:paragraph -->\n<p>Mise \u00e0 jour le 15\/01\/2020<\/p>\n<!-- \/wp:paragraph -->\n\n<!-- wp:paragraph -->\n<p>ENTRE,<\/p>\n<!-- \/wp:paragraph -->\n\n<!-- wp:paragraph -->\n<p>Recovit, situ\u00e9 \u00e0 LA CHEVROLIERE (44) et repr\u00e9sent\u00e9 par Monsieur, LEHUEDE Wilfried<\/p>\n<!-- \/wp:paragraph -->\n\n<!-- wp:paragraph -->\n<p>La soci\u00e9t\u00e9 REACTIA RECOUVREMENT, Soci\u00e9t\u00e9 par actions simplifi\u00e9e unipersonnelle, immatricul\u00e9 au registre du commerce de Nantes sous le n\u00b0 808&nbsp;240&nbsp;139 dont le si\u00e8ge social est situ\u00e9 19, rue de la Guillauderie, 44118 LA CHEVROLIERE<\/p>\n<!-- \/wp:paragraph -->\n\n<!-- wp:paragraph -->\n<p>Repr\u00e9sent\u00e9e aux fins des pr\u00e9sentes par Monsieur Lehuede Wilfried en qualit\u00e9 de Pr\u00e9sident et agissant dans le cadre du pr\u00e9sent contrat en qualit\u00e9 de sous-traitant, ci-apr\u00e8s d\u00e9nomm\u00e9 \u00ab&nbsp;Le Prestataire&nbsp;\u00bb<\/p>\n<!-- \/wp:paragraph -->\n\n<!-- wp:paragraph -->\n<p>ET,<\/p>\n<!-- \/wp:paragraph -->\n\n<!-- wp:paragraph -->\n<p>Le Client, Soci\u00e9t\u00e9 \u2014\u2014\u2014\u2014\u2014\u2014\u2014\u2014\u2014\u2014\u2014\u2014\u2014\u2014\u2014\u2014\u2014\u2014\u2014\u2014\u2014\u2014\u2014\u2014\u2014\u2014\u2014\u2013<\/p>\n<!-- \/wp:paragraph -->\n\n<!-- wp:paragraph -->\n<p>Au capital de \u2014\u2014\u2014\u2014\u2014\u2014\u2014\u2014\u2014\u2014\u2014\u2014\u2014\u2014\u2014\u2014\u2014\u2014\u2014\u2014\u2014\u2014\u2014\u2014\u2014\u2014\u2014\u2014\u2014\u2013<\/p>\n<!-- \/wp:paragraph -->\n\n<!-- wp:paragraph -->\n<p>Dont le si\u00e8ge social est \u2014\u2014\u2014\u2014\u2014\u2014\u2014\u2014\u2014\u2014\u2014\u2014\u2014\u2014\u2014\u2014\u2014\u2014\u2014\u2014\u2014\u2014\u2014\u2014\u2014<\/p>\n<!-- \/wp:paragraph -->\n\n<!-- wp:paragraph -->\n<p>Immatricul\u00e9 au registre du commerce et des soci\u00e9t\u00e9s de<\/p>\n<!-- \/wp:paragraph -->\n\n<!-- wp:paragraph -->\n<p>Sous le num\u00e9ro \u2014\u2014\u2014\u2014\u2014\u2014\u2014\u2014\u2014\u2014\u2014\u2014\u2014-<\/p>\n<!-- \/wp:paragraph -->\n\n<!-- wp:paragraph -->\n<p>Repr\u00e9sent\u00e9 par \u2014\u2014\u2014\u2014\u2014\u2014\u2014\u2014\u2014\u2014\u2014\u2014\u2014\u2014\u2013En qualit\u00e9 de \u2014\u2014\u2014\u2014\u2014\u2014\u2014\u2014-<\/p>\n<!-- \/wp:paragraph -->\n\n<!-- wp:paragraph -->\n<p>Et agissant dans le cadre du pr\u00e9sent contrat en qualit\u00e9 de RESPONSABLE DE TRAITEMENT (RDT)<\/p>\n<!-- \/wp:paragraph -->\n\n<!-- wp:list {\"ordered\":true,\"type\":\"I\"} -->\n<ol type=\"I\"><li>Objet<\/li><\/ol>\n<!-- \/wp:list -->\n\n<!-- wp:paragraph -->\n<p>Les pr\u00e9sentes clauses ont pour objet de d\u00e9finir les conditions dans lesquelles le sous-traitant s\u2018engage \u00e0 effectuer pour le compte du responsable de traitement les op\u00e9rations de traitement de donn\u00e9es \u00e0 caract\u00e8re personnel d\u00e9finies ci-apr\u00e8s.<\/p>\n<!-- \/wp:paragraph -->\n\n<!-- wp:paragraph -->\n<p>Dans le cadre de leurs relations contractuelles, les parties s\u2018engagent \u00e0 respecter la r\u00e9glementation en vigueur applicable au traitement de donn\u00e9es \u00e0 caract\u00e8re personnel et, en particulier, le r\u00e8glement&nbsp;(UE) 2016\/679 du Parlement europ\u00e9en et du Conseil du 27 avril 2016 applicable \u00e0 compter du 25 mai 2018 (ci-apr\u00e8s, \u00ab&nbsp;<strong>le r\u00e8glement europ\u00e9en sur la protection des donn\u00e9es&nbsp;<\/strong>\u00bb).<\/p>\n<!-- \/wp:paragraph -->\n\n<!-- wp:list {\"ordered\":true,\"type\":\"I\"} -->\n<ol type=\"I\"><li>Description du traitement faisant l\u2018objet de la sous-traitance<\/li><\/ol>\n<!-- \/wp:list -->\n\n<!-- wp:paragraph -->\n<p>Le sous-traitant est autoris\u00e9 \u00e0 traiter pour le compte du responsable de traitement les donn\u00e9es \u00e0 caract\u00e8re personnel n\u00e9cessaires pour fournir le ou les service(s) suivant(s)&nbsp;:<\/p>\n<!-- \/wp:paragraph -->\n\n<!-- wp:list -->\n<ul><li>Prestations de service \u00e0 r\u00e9aliser par le prestataire telles qu\u2019elles sont d\u00e9finies dans le mandat de recouvrement.<\/li><\/ul>\n<!-- \/wp:list -->\n\n<!-- wp:list {\"ordered\":true,\"type\":\"I\"} -->\n<ol type=\"I\"><li>Dur\u00e9e du contrat<\/li><\/ol>\n<!-- \/wp:list -->\n\n<!-- wp:paragraph -->\n<p>Le pr\u00e9sent contrat entre en vigueur \u00e0 compter du 27\/11\/2020 pour une dur\u00e9e ind\u00e9termin\u00e9e.<\/p>\n<!-- \/wp:paragraph -->\n\n<!-- wp:list {\"ordered\":true,\"type\":\"I\"} -->\n<ol type=\"I\"><li>Obligations du sous-traitant vis-\u00e0-vis du responsable de traitement<\/li><\/ol>\n<!-- \/wp:list -->\n\n<!-- wp:paragraph -->\n<p>Le sous-traitant s\u2019engage \u00e0 :<\/p>\n<!-- \/wp:paragraph -->\n\n<!-- wp:paragraph -->\n<p>1. Traiter les donn\u00e9es&nbsp;<strong>uniquement pour la ou les seule(s) finalit\u00e9(s)<\/strong>&nbsp;qui fait\/font l\u2018objet de la sous-traitance.<\/p>\n<!-- \/wp:paragraph -->\n\n<!-- wp:paragraph -->\n<p>2. Traiter les donn\u00e9es&nbsp;<strong>conform\u00e9ment aux instructions document\u00e9es<\/strong>&nbsp;du responsable de traitement figurant en annexe du pr\u00e9sent contrat. Si le sous-traitant consid\u00e8re qu\u2018une instruction constitue une violation du r\u00e8glement europ\u00e9en sur la protection des donn\u00e9es ou de toute autre disposition du droit de l\u2018Union ou du droit des Etats membres relative \u00e0 la protection des donn\u00e9es, il en&nbsp;<strong>informe imm\u00e9diatement&nbsp;<\/strong>le responsable de traitement. En outre, si le sous-traitant est tenu de proc\u00e9der \u00e0 un transfert de donn\u00e9es vers un pays tiers ou \u00e0 une organisation internationale, en vertu du droit de l\u2018Union ou du droit de l\u2018Etat membre auquel il est soumis, il doit informer le responsable du traitement de cette obligation juridique avant le traitement, sauf si le droit concern\u00e9 interdit une telle information pour des motifs importants d\u2019int\u00e9r\u00eat public.<\/p>\n<!-- \/wp:paragraph -->\n\n<!-- wp:paragraph -->\n<p>3. <strong>Garantir la&nbsp;confidentialit\u00e9<\/strong>&nbsp;des donn\u00e9es \u00e0 caract\u00e8re personnel trait\u00e9es dans le cadre du pr\u00e9sent contrat.<\/p>\n<!-- \/wp:paragraph -->\n\n<!-- wp:paragraph -->\n<p>4. Veiller \u00e0 ce que les&nbsp;<strong>personnes autoris\u00e9es \u00e0 traiter les donn\u00e9es \u00e0 caract\u00e8re personnel&nbsp;<\/strong>en vertu du pr\u00e9sent contrat&nbsp;:<\/p>\n<!-- \/wp:paragraph -->\n\n<!-- wp:list -->\n<ul><li>s\u2018engagent \u00e0 respecter la&nbsp;confidentialit\u00e9&nbsp;ou soient soumises \u00e0 une obligation l\u00e9gale appropri\u00e9e de confidentialit\u00e9&nbsp;;<\/li><li>re\u00e7oivent la&nbsp;formation&nbsp;n\u00e9cessaire en mati\u00e8re de protection des donn\u00e9es \u00e0 caract\u00e8re personnel.<\/li><\/ul>\n<!-- \/wp:list -->\n\n<!-- wp:paragraph -->\n<p>5. Prendre en compte, s\u2018agissant de ses outils, produits, applications ou services, les principes de<strong>&nbsp;protection des donn\u00e9es d\u00e8s la conception<\/strong>&nbsp;et de<strong>&nbsp;protection des donn\u00e9es par d\u00e9faut.<\/strong><\/p>\n<!-- \/wp:paragraph -->\n\n<!-- wp:paragraph -->\n<p>6.<strong> Sous-traitance<\/strong><\/p>\n<!-- \/wp:paragraph -->\n\n<!-- wp:paragraph -->\n<p>Le sous-traitant peut faire appel \u00e0 un autre sous-traitant (ci-apr\u00e8s, \u00ab&nbsp;le&nbsp;sous-traitant ult\u00e9rieur&nbsp;\u00bb) pour mener des activit\u00e9s de traitement sp\u00e9cifiques. Dans ce cas, il informe pr\u00e9alablement et par \u00e9crit le responsable de traitement de tout changement envisag\u00e9 concernant l\u2018ajout ou le remplacement d\u2018autres sous-traitants. Cette information doit indiquer clairement les activit\u00e9s de traitement sous-trait\u00e9es, l\u2018identit\u00e9 et les coordonn\u00e9es du sous-traitant et les dates du contrat de sous-traitance. Le responsable de traitement dispose d\u2018un d\u00e9lai minium de 30 jours \u00e0 compter de la date de r\u00e9ception de cette information pour pr\u00e9senter ses objections. Cette sous-traitance ne peut \u00eatre effectu\u00e9e que si le responsable de traitement n\u2019a pas \u00e9mis d\u2019objection pendant le d\u00e9lai convenu.<\/p>\n<!-- \/wp:paragraph -->\n\n<!-- wp:paragraph -->\n<p>Le sous-traitant ult\u00e9rieur est tenu de respecter les obligations du pr\u00e9sent contrat pour le compte et selon les instructions du responsable de traitement. Il appartient au sous-traitant initial de s\u2018assurer que le sous-traitant ult\u00e9rieur pr\u00e9sente les m\u00eames garanties suffisantes quant \u00e0 la mise en \u0153uvre de mesures techniques et organisationnelles appropri\u00e9es de mani\u00e8re \u00e0 ce que le traitement r\u00e9ponde aux exigences du r\u00e8glement europ\u00e9en sur la protection des donn\u00e9es. Si le sous-traitant ult\u00e9rieur ne remplit pas ses obligations en mati\u00e8re de protection des donn\u00e9es, le sous-traitant initial demeure pleinement responsable devant le responsable de traitement de l\u2018ex\u00e9cution par l\u2018autre sous-traitant de ses obligations.<\/p>\n<!-- \/wp:paragraph -->\n\n<!-- wp:paragraph -->\n<p>7.<strong> Droit d\u2018information des personnes concern\u00e9es<\/strong><\/p>\n<!-- \/wp:paragraph -->\n\n<!-- wp:paragraph -->\n<p>Il appartient au responsable de traitement de fournir l\u2018information aux personnes concern\u00e9es par les op\u00e9rations de traitement au moment de la collecte des donn\u00e9es.<\/p>\n<!-- \/wp:paragraph -->\n\n<!-- wp:paragraph -->\n<p>8.<strong> Exercice des droits des personnes<\/strong><\/p>\n<!-- \/wp:paragraph -->\n\n<!-- wp:paragraph -->\n<p>Dans la mesure du possible, le sous-traitant doit aider le responsable de traitement \u00e0 s\u2018acquitter de son obligation de donner suite aux demandes d\u2018exercice des droits des personnes concern\u00e9es&nbsp;: droit d\u2018acc\u00e8s, de rectification, d\u2018effacement et d\u2018opposition, droit \u00e0 la limitation du traitement, droit \u00e0 la portabilit\u00e9 des donn\u00e9es, droit de ne pas faire l\u2018objet d\u2018une d\u00e9cision individuelle automatis\u00e9e (y compris le profilage).<\/p>\n<!-- \/wp:paragraph -->\n\n<!-- wp:paragraph -->\n<p>Lorsque les personnes concern\u00e9es exercent aupr\u00e8s du sous-traitant des demandes d\u2018exercice de leurs droits, le sous-traitant doit adresser ces demandes d\u00e8s r\u00e9ception par courrier \u00e9lectronique \u00e0 Monsieur Lehuede \/ contact@recovit.fr<\/p>\n<!-- \/wp:paragraph -->\n\n<!-- wp:paragraph -->\n<p>9.<strong> Notification des violations de donn\u00e9es \u00e0 caract\u00e8re personnel<\/strong><\/p>\n<!-- \/wp:paragraph -->\n\n<!-- wp:paragraph -->\n<p>Le sous-traitant notifie au responsable de traitement toute violation de donn\u00e9es \u00e0 caract\u00e8re personnel dans un d\u00e9lai maximum de 48 heures apr\u00e8s en avoir pris connaissance et par le moyen suivant&nbsp;: demande par mail. Cette notification est accompagn\u00e9e de toute documentation utile afin de permettre au responsable de traitement, si n\u00e9cessaire, de notifier cette violation \u00e0 l\u2018autorit\u00e9 de contr\u00f4le comp\u00e9tente.<\/p>\n<!-- \/wp:paragraph -->\n\n<!-- wp:paragraph -->\n<p>Apr\u00e8s accord du responsable de traitement, le sous-traitant notifie \u00e0 l\u2018autorit\u00e9 de contr\u00f4le comp\u00e9tente (la CNIL), au nom et pour le compte du responsable de traitement, les violations de donn\u00e9es \u00e0 caract\u00e8re personnel dans les meilleurs d\u00e9lais et, si possible, 72 heures au plus tard apr\u00e8s en avoir pris connaissance, \u00e0 moins que la violation en question ne soit pas susceptible d\u2018engendrer un risque pour les droits et libert\u00e9s des personnes physiques.<\/p>\n<!-- \/wp:paragraph -->\n\n<!-- wp:paragraph -->\n<p>La notification contient&nbsp;au moins :<\/p>\n<!-- \/wp:paragraph -->\n\n<!-- wp:list -->\n<ul><li>la description de la nature de la violation de donn\u00e9es \u00e0 caract\u00e8re personnel y compris, si possible, les cat\u00e9gories et le nombre approximatif de personnes concern\u00e9es par la violation et les cat\u00e9gories et le nombre approximatif d\u2019enregistrements de donn\u00e9es \u00e0 caract\u00e8re personnel concern\u00e9s&nbsp;;<\/li><li>le nom et les coordonn\u00e9es du d\u00e9l\u00e9gu\u00e9 \u00e0 la protection des donn\u00e9es ou d\u2019un autre point de contact aupr\u00e8s duquel des informations suppl\u00e9mentaires peuvent \u00eatre obtenues ;<\/li><li>la description des cons\u00e9quences probables de la violation de donn\u00e9es \u00e0 caract\u00e8re personnel ;<\/li><li>la description des mesures prises ou que le responsable du traitement propose de prendre pour rem\u00e9dier \u00e0 la violation de donn\u00e9es \u00e0 caract\u00e8re personnel, y compris, le cas \u00e9ch\u00e9ant, les mesures pour en att\u00e9nuer les \u00e9ventuelles cons\u00e9quences n\u00e9gatives.<\/li><\/ul>\n<!-- \/wp:list -->\n\n<!-- wp:paragraph -->\n<p>Si, et dans la mesure o\u00f9 il n\u2018est pas possible de fournir toutes ces informations en m\u00eame temps, les informations peuvent \u00eatre communiqu\u00e9es de mani\u00e8re \u00e9chelonn\u00e9e sans retard indu.<\/p>\n<!-- \/wp:paragraph -->\n\n<!-- wp:paragraph -->\n<p>Apr\u00e8s accord du responsable de traitement, le sous-traitant communique, au nom et pour le compte du responsable de traitement, la violation de donn\u00e9es \u00e0 caract\u00e8re personnel \u00e0 la personne concern\u00e9e dans les meilleurs d\u00e9lais, lorsque cette violation est susceptible d\u2019engendrer un risque \u00e9lev\u00e9 pour les droits et libert\u00e9s d\u2019une personne physique.<\/p>\n<!-- \/wp:paragraph -->\n\n<!-- wp:paragraph -->\n<p>La communication \u00e0 la personne concern\u00e9e d\u00e9crit, en des termes clairs et simples, la nature de la violation de donn\u00e9es \u00e0 caract\u00e8re personnel et contient au moins :<\/p>\n<!-- \/wp:paragraph -->\n\n<!-- wp:list -->\n<ul><li>la description de la nature de la violation de donn\u00e9es \u00e0 caract\u00e8re personnel y compris, si possible, les cat\u00e9gories et le nombre approximatif de personnes concern\u00e9es par la violation et les cat\u00e9gories et le nombre approximatif d\u2019enregistrements de donn\u00e9es \u00e0 caract\u00e8re personnel concern\u00e9s&nbsp;;<\/li><li>le nom et les coordonn\u00e9es du d\u00e9l\u00e9gu\u00e9 \u00e0 la protection des donn\u00e9es ou d\u2019un autre point de contact aupr\u00e8s duquel des informations suppl\u00e9mentaires peuvent \u00eatre obtenues ;<\/li><li>la description des cons\u00e9quences probables de la violation de donn\u00e9es \u00e0 caract\u00e8re personnel ;<\/li><li>la description des mesures prises ou que le responsable du traitement propose de prendre pour rem\u00e9dier \u00e0 la violation de donn\u00e9es \u00e0 caract\u00e8re personnel, y compris, le cas \u00e9ch\u00e9ant, les mesures pour en att\u00e9nuer les \u00e9ventuelles cons\u00e9quences n\u00e9gatives.<\/li><\/ul>\n<!-- \/wp:list -->\n\n<!-- wp:paragraph -->\n<p>10.<strong> Aide du sous-traitant dans le cadre du respect par le responsable de traitement de ses obligations<\/strong><\/p>\n<!-- \/wp:paragraph -->\n\n<!-- wp:paragraph -->\n<p>Le sous-traitant aide le responsable de traitement pour la r\u00e9alisation d\u2018analyses d\u2018impact relative \u00e0 la protection des donn\u00e9es.<\/p>\n<!-- \/wp:paragraph -->\n\n<!-- wp:paragraph -->\n<p>Le sous-traitant aide le responsable de traitement pour la r\u00e9alisation de la consultation pr\u00e9alable de l\u2018autorit\u00e9 de contr\u00f4le.<\/p>\n<!-- \/wp:paragraph -->\n\n<!-- wp:paragraph -->\n<p>11.<strong> Mesures de s\u00e9curit\u00e9<\/strong><\/p>\n<!-- \/wp:paragraph -->\n\n<!-- wp:paragraph -->\n<p>Le sous-traitant s\u2018engage \u00e0 mettre en \u0153uvre les mesures de s\u00e9curit\u00e9 suivantes&nbsp;:<\/p>\n<!-- \/wp:paragraph -->\n\n<!-- wp:list -->\n<ul><li>la pseudonymisation et le chiffrement des donn\u00e9es \u00e0 caract\u00e8re personnel<\/li><li>les moyens permettant de garantir la confidentialit\u00e9, l\u2019int\u00e9grit\u00e9, la disponibilit\u00e9 et la r\u00e9silience constantes des syst\u00e8mes et des services de traitement ;<\/li><li>les moyens permettant de r\u00e9tablir la disponibilit\u00e9 des donn\u00e9es \u00e0 caract\u00e8re personnel et l\u2019acc\u00e8s \u00e0 celles-ci dans des d\u00e9lais appropri\u00e9s en cas d\u2019incident physique ou technique ;<\/li><li>une proc\u00e9dure visant \u00e0 tester, \u00e0 \u2018analyser et \u00e0 \u2018\u00e9valuer r\u00e9guli\u00e8rement l\u2019efficacit\u00e9 des mesures techniques et organisationnelles pour assurer la s\u00e9curit\u00e9 du traitement]<\/li><\/ul>\n<!-- \/wp:list -->\n\n<!-- wp:paragraph -->\n<p>12.<strong> Sort des donn\u00e9es<\/strong><\/p>\n<!-- \/wp:paragraph -->\n\n<!-- wp:paragraph -->\n<p>Au terme de la prestation de services relatifs au traitement de ces donn\u00e9es, le sous-traitant s\u2018engage \u00e0&nbsp;:<\/p>\n<!-- \/wp:paragraph -->\n\n<!-- wp:paragraph -->\n<p>Au choix&nbsp;des parties&nbsp;:<\/p>\n<!-- \/wp:paragraph -->\n\n<!-- wp:list -->\n<ul><li>d\u00e9truire toutes les donn\u00e9es \u00e0 caract\u00e8re personnel<\/li><li>\u00e0 renvoyer toutes les donn\u00e9es \u00e0 caract\u00e8re personnel au responsable de traitement<\/li><li>\u00e0 renvoyer les donn\u00e9es \u00e0 caract\u00e8re personnel au sous-traitant d\u00e9sign\u00e9 par le responsable de traitement<\/li><\/ul>\n<!-- \/wp:list -->\n\n<!-- wp:paragraph -->\n<p>Le renvoi doit s\u2018accompagner de la destruction de toutes les copies existantes dans les syst\u00e8mes d\u2018information du sous-traitant. Une fois d\u00e9truites, le sous-traitant doit justifier par \u00e9crit de la destruction.<\/p>\n<!-- \/wp:paragraph -->\n\n<!-- wp:paragraph -->\n<p>13.<strong> D\u00e9l\u00e9gu\u00e9 \u00e0 la protection des donn\u00e9es<\/strong><\/p>\n<!-- \/wp:paragraph -->\n\n<!-- wp:paragraph -->\n<p>Le sous-traitant communique au responsable de traitement&nbsp;<strong>le nom et les coordonn\u00e9es de son d\u00e9l\u00e9gu\u00e9 \u00e0 la protection des donn\u00e9es,<\/strong> s\u2018il en a d\u00e9sign\u00e9 un conform\u00e9ment \u00e0 l\u2018article 37 du r\u00e8glement europ\u00e9en sur la protection des donn\u00e9es.<\/p>\n<!-- \/wp:paragraph -->\n\n<!-- wp:paragraph -->\n<p>14.<strong> Registre des cat\u00e9gories d\u2018activit\u00e9s de traitement<\/strong><\/p>\n<!-- \/wp:paragraph -->\n\n<!-- wp:paragraph -->\n<p>Le sous-traitant d\u00e9clare&nbsp;<strong>tenir par \u00e9crit un registre<\/strong>&nbsp;de toutes les cat\u00e9gories d\u2018activit\u00e9s de traitement effectu\u00e9es pour le compte du responsable de traitement comprenant&nbsp;:<\/p>\n<!-- \/wp:paragraph -->\n\n<!-- wp:list -->\n<ul><li>le nom et les coordonn\u00e9es du responsable de traitement pour le compte duquel il agit, des \u00e9ventuels sous-traitants et, le cas \u00e9ch\u00e9ant, du d\u00e9l\u00e9gu\u00e9 \u00e0 la protection des donn\u00e9es ;<\/li><li>les cat\u00e9gories de traitements effectu\u00e9s pour le compte du responsable du traitement ;<\/li><li>le cas \u00e9ch\u00e9ant, les transferts de donn\u00e9es \u00e0 caract\u00e8re personnel vers un pays tiers ou \u00e0 une organisation internationale, y compris l\u2019identification de ce pays tiers ou de cette organisation internationale et, dans le cas des transferts vis\u00e9s \u00e0 l\u2019article 49, paragraphe 1, deuxi\u00e8me alin\u00e9a du r\u00e8glement europ\u00e9en sur la protection des donn\u00e9es, les documents attestant de l\u2019existence de garanties appropri\u00e9es ;<\/li><li>dans la mesure du possible, une description g\u00e9n\u00e9rale des mesures de s\u00e9curit\u00e9 techniques et organisationnelles, y compris entre autres, selon les besoins&nbsp;:<\/li><li>la pseudonymisation et le chiffrement des donn\u00e9es \u00e0 caract\u00e8re personnel ;<\/li><li>des moyens permettant de garantir la confidentialit\u00e9, l\u2019int\u00e9grit\u00e9, la disponibilit\u00e9 et la r\u00e9silience constantes des syst\u00e8mes et des services de traitement ;<\/li><li>des moyens permettant de r\u00e9tablir la disponibilit\u00e9 des donn\u00e9es \u00e0 caract\u00e8re personnel et l\u2019acc\u00e8s \u00e0 celles-ci dans des d\u00e9lais appropri\u00e9s en cas d\u2019incident physique ou technique ;<\/li><li>une proc\u00e9dure visant \u00e0 tester, \u00e0 analyser et \u00e0 \u00e9valuer r\u00e9guli\u00e8rement l\u2019efficacit\u00e9 des mesures techniques et organisationnelles pour assurer la s\u00e9curit\u00e9 du traitement.<\/li><\/ul>\n<!-- \/wp:list -->\n\n<!-- wp:paragraph -->\n<p>15.<strong> Documentation<\/strong><\/p>\n<!-- \/wp:paragraph -->\n\n<!-- wp:paragraph -->\n<p>Le sous-traitant met \u00e0 la disposition du responsable de traitement&nbsp;<strong>la&nbsp;documentation n\u00e9cessaire pour d\u00e9montrer le respect de toutes ses obligations<\/strong>&nbsp;et pour permettre la r\u00e9alisation d\u2019audits, y compris des inspections, par le responsable du traitement ou un autre auditeur qu\u2019il a mandat\u00e9, et contribuer \u00e0 ces audits.<\/p>\n<!-- \/wp:paragraph -->\n\n<!-- wp:list -->\n<ul><li>Obligations du responsable de traitement vis-\u00e0-vis du sous-traitant<\/li><\/ul>\n<!-- \/wp:list -->\n\n<!-- wp:paragraph -->\n<p>Le responsable de traitement s\u2018engage \u00e0&nbsp;:<\/p>\n<!-- \/wp:paragraph -->\n\n<!-- wp:list -->\n<ul><li>fournir au sous-traitant les donn\u00e9es vis\u00e9es au II des pr\u00e9sentes clauses<\/li><li>documenter par \u00e9crit toute instruction concernant le traitement des donn\u00e9es par le sous-traitant<\/li><li>veiller, au pr\u00e9alable et pendant toute la dur\u00e9e du traitement, au respect des obligations pr\u00e9vues par le r\u00e8glement europ\u00e9en sur la protection des donn\u00e9es de la part du sous-traitant<\/li><li>superviser le traitement, y compris r\u00e9aliser les audits et les inspections aupr\u00e8s du sous-traitant<\/li><\/ul>\n<!-- \/wp:list -->\n\n<!-- wp:table -->\n<figure class=\"wp-block-table\"><table><tbody><tr><td>Le Client Et Responsable de traitement (RDT)<\/td><\/tr><\/tbody><\/table><\/figure>\n<!-- \/wp:table -->\n\n<!-- wp:table -->\n<figure class=\"wp-block-table\"><table><tbody><tr><td>Le Prestataire&nbsp;:<\/td><\/tr><\/tbody><\/table><\/figure>\n<!-- \/wp:table -->\n\n<!-- wp:paragraph -->\n<p>Fait entre les parties \u00e0&nbsp;&nbsp;&nbsp;&nbsp;&nbsp;&nbsp;&nbsp;&nbsp;&nbsp;&nbsp;&nbsp;&nbsp;&nbsp;&nbsp;&nbsp;&nbsp;&nbsp;&nbsp;&nbsp;&nbsp;&nbsp;&nbsp;&nbsp;&nbsp;&nbsp;&nbsp;&nbsp;&nbsp;&nbsp;&nbsp;&nbsp;&nbsp;&nbsp;&nbsp;&nbsp;&nbsp;&nbsp;&nbsp;&nbsp;&nbsp;&nbsp;&nbsp;&nbsp;&nbsp;&nbsp;&nbsp;&nbsp;&nbsp;&nbsp;&nbsp;&nbsp;&nbsp;&nbsp;&nbsp;&nbsp;&nbsp;&nbsp; le&nbsp;&nbsp;&nbsp; \/&nbsp;&nbsp;&nbsp; \/2020<\/p>\n<!-- \/wp:paragraph -->","_et_gb_content_width":"","_monsterinsights_skip_tracking":false,"_monsterinsights_sitenote_active":false,"_monsterinsights_sitenote_note":"","_monsterinsights_sitenote_category":0},"yoast_head":"<!-- This site is optimized with the Yoast SEO plugin v17.9 - https:\/\/yoast.com\/wordpress\/plugins\/seo\/ -->\n<title>Politique de confidentialit\u00e9 - RECOVIT<\/title>\n<meta name=\"robots\" content=\"noindex, nofollow\" \/>\n<meta property=\"og:locale\" content=\"fr_FR\" \/>\n<meta property=\"og:type\" content=\"article\" \/>\n<meta property=\"og:title\" content=\"Politique de confidentialit\u00e9 - RECOVIT\" \/>\n<meta property=\"og:description\" content=\"[et_pb_section fb_built=\u00a0\u00bb1&Prime; _builder_version=\u00a0\u00bb3.22&Prime;][et_pb_row _builder_version=\u00a0\u00bb3.25&Prime; background_size=\u00a0\u00bbinitial\u00a0\u00bb background_position=\u00a0\u00bbtop_left\u00a0\u00bb background_repeat=\u00a0\u00bbrepeat\u00a0\u00bb][et_pb_column type=\u00a0\u00bb4_4&Prime; _builder_version=\u00a0\u00bb3.25&Prime; custom_padding=\u00a0\u00bb|||\u00a0\u00bb custom_padding__hover=\u00a0\u00bb|||\u00a0\u00bb][et_pb_text _builder_version=\u00a0\u00bb3.27.4&Prime; background_size=\u00a0\u00bbinitial\u00a0\u00bb background_position=\u00a0\u00bbtop_left\u00a0\u00bb background_repeat=\u00a0\u00bbrepeat\u00a0\u00bb] Qui sommes-nous\u00a0? L\u2019adresse de notre site Web est\u00a0: https:\/\/recovit.fr. Utilisation des donn\u00e9es personnelles collect\u00e9es Commentaires En laissant un commentaire sur notre site web, les donn\u00e9es inscrites dans le formulaire de commentaire, votre adresse IP et aussi l\u2019agent utilisateur de votre [&hellip;]\" \/>\n<meta property=\"og:url\" content=\"https:\/\/recovit.fr\/index.php\/politique-de-confidentialite\/\" \/>\n<meta property=\"og:site_name\" content=\"RECOVIT\" \/>\n<meta property=\"article:modified_time\" content=\"2022-09-16T14:58:50+00:00\" \/>\n<meta name=\"twitter:card\" content=\"summary_large_image\" \/>\n<meta name=\"twitter:label1\" content=\"Dur\u00e9e de lecture estim\u00e9e\" \/>\n\t<meta name=\"twitter:data1\" content=\"18 minutes\" \/>\n<script type=\"application\/ld+json\" class=\"yoast-schema-graph\">{\"@context\":\"https:\/\/schema.org\",\"@graph\":[{\"@type\":\"WebSite\",\"@id\":\"https:\/\/recovit.fr\/#website\",\"url\":\"https:\/\/recovit.fr\/\",\"name\":\"RECOVIT\",\"description\":\"\",\"potentialAction\":[{\"@type\":\"SearchAction\",\"target\":{\"@type\":\"EntryPoint\",\"urlTemplate\":\"https:\/\/recovit.fr\/?s={search_term_string}\"},\"query-input\":\"required name=search_term_string\"}],\"inLanguage\":\"fr-FR\"},{\"@type\":\"WebPage\",\"@id\":\"https:\/\/recovit.fr\/index.php\/politique-de-confidentialite\/#webpage\",\"url\":\"https:\/\/recovit.fr\/index.php\/politique-de-confidentialite\/\",\"name\":\"Politique de confidentialit\\u00e9 - RECOVIT\",\"isPartOf\":{\"@id\":\"https:\/\/recovit.fr\/#website\"},\"datePublished\":\"2020-09-06T18:33:16+00:00\",\"dateModified\":\"2022-09-16T14:58:50+00:00\",\"breadcrumb\":{\"@id\":\"https:\/\/recovit.fr\/index.php\/politique-de-confidentialite\/#breadcrumb\"},\"inLanguage\":\"fr-FR\",\"potentialAction\":[{\"@type\":\"ReadAction\",\"target\":[\"https:\/\/recovit.fr\/index.php\/politique-de-confidentialite\/\"]}]},{\"@type\":\"BreadcrumbList\",\"@id\":\"https:\/\/recovit.fr\/index.php\/politique-de-confidentialite\/#breadcrumb\",\"itemListElement\":[{\"@type\":\"ListItem\",\"position\":1,\"name\":\"Accueil\",\"item\":\"https:\/\/recovit.fr\/\"},{\"@type\":\"ListItem\",\"position\":2,\"name\":\"Politique de confidentialit\\u00e9\"}]}]}<\/script>\n<!-- \/ Yoast SEO plugin. -->","yoast_head_json":{"title":"Politique de confidentialit\u00e9 - RECOVIT","robots":{"index":"noindex","follow":"nofollow"},"og_locale":"fr_FR","og_type":"article","og_title":"Politique de confidentialit\u00e9 - RECOVIT","og_description":"[et_pb_section fb_built=\u00a0\u00bb1&Prime; _builder_version=\u00a0\u00bb3.22&Prime;][et_pb_row _builder_version=\u00a0\u00bb3.25&Prime; background_size=\u00a0\u00bbinitial\u00a0\u00bb background_position=\u00a0\u00bbtop_left\u00a0\u00bb background_repeat=\u00a0\u00bbrepeat\u00a0\u00bb][et_pb_column type=\u00a0\u00bb4_4&Prime; _builder_version=\u00a0\u00bb3.25&Prime; custom_padding=\u00a0\u00bb|||\u00a0\u00bb custom_padding__hover=\u00a0\u00bb|||\u00a0\u00bb][et_pb_text _builder_version=\u00a0\u00bb3.27.4&Prime; background_size=\u00a0\u00bbinitial\u00a0\u00bb background_position=\u00a0\u00bbtop_left\u00a0\u00bb background_repeat=\u00a0\u00bbrepeat\u00a0\u00bb] Qui sommes-nous\u00a0? L\u2019adresse de notre site Web est\u00a0: https:\/\/recovit.fr. Utilisation des donn\u00e9es personnelles collect\u00e9es Commentaires En laissant un commentaire sur notre site web, les donn\u00e9es inscrites dans le formulaire de commentaire, votre adresse IP et aussi l\u2019agent utilisateur de votre [&hellip;]","og_url":"https:\/\/recovit.fr\/index.php\/politique-de-confidentialite\/","og_site_name":"RECOVIT","article_modified_time":"2022-09-16T14:58:50+00:00","twitter_card":"summary_large_image","twitter_misc":{"Dur\u00e9e de lecture estim\u00e9e":"18 minutes"},"schema":{"@context":"https:\/\/schema.org","@graph":[{"@type":"WebSite","@id":"https:\/\/recovit.fr\/#website","url":"https:\/\/recovit.fr\/","name":"RECOVIT","description":"","potentialAction":[{"@type":"SearchAction","target":{"@type":"EntryPoint","urlTemplate":"https:\/\/recovit.fr\/?s={search_term_string}"},"query-input":"required name=search_term_string"}],"inLanguage":"fr-FR"},{"@type":"WebPage","@id":"https:\/\/recovit.fr\/index.php\/politique-de-confidentialite\/#webpage","url":"https:\/\/recovit.fr\/index.php\/politique-de-confidentialite\/","name":"Politique de confidentialit\u00e9 - RECOVIT","isPartOf":{"@id":"https:\/\/recovit.fr\/#website"},"datePublished":"2020-09-06T18:33:16+00:00","dateModified":"2022-09-16T14:58:50+00:00","breadcrumb":{"@id":"https:\/\/recovit.fr\/index.php\/politique-de-confidentialite\/#breadcrumb"},"inLanguage":"fr-FR","potentialAction":[{"@type":"ReadAction","target":["https:\/\/recovit.fr\/index.php\/politique-de-confidentialite\/"]}]},{"@type":"BreadcrumbList","@id":"https:\/\/recovit.fr\/index.php\/politique-de-confidentialite\/#breadcrumb","itemListElement":[{"@type":"ListItem","position":1,"name":"Accueil","item":"https:\/\/recovit.fr\/"},{"@type":"ListItem","position":2,"name":"Politique de confidentialit\u00e9"}]}]}},"_links":{"self":[{"href":"https:\/\/recovit.fr\/index.php\/wp-json\/wp\/v2\/pages\/3"}],"collection":[{"href":"https:\/\/recovit.fr\/index.php\/wp-json\/wp\/v2\/pages"}],"about":[{"href":"https:\/\/recovit.fr\/index.php\/wp-json\/wp\/v2\/types\/page"}],"author":[{"embeddable":true,"href":"https:\/\/recovit.fr\/index.php\/wp-json\/wp\/v2\/users\/1"}],"replies":[{"embeddable":true,"href":"https:\/\/recovit.fr\/index.php\/wp-json\/wp\/v2\/comments?post=3"}],"version-history":[{"count":4,"href":"https:\/\/recovit.fr\/index.php\/wp-json\/wp\/v2\/pages\/3\/revisions"}],"predecessor-version":[{"id":1011,"href":"https:\/\/recovit.fr\/index.php\/wp-json\/wp\/v2\/pages\/3\/revisions\/1011"}],"wp:attachment":[{"href":"https:\/\/recovit.fr\/index.php\/wp-json\/wp\/v2\/media?parent=3"}],"curies":[{"name":"wp","href":"https:\/\/api.w.org\/{rel}","templated":true}]}}